{"id":2144,"date":"2024-08-07T14:59:43","date_gmt":"2024-08-07T12:59:43","guid":{"rendered":"https:\/\/breyer-rechtsanwaelte.de\/?post_type=anwalt&#038;p=2144"},"modified":"2024-09-03T11:39:19","modified_gmt":"2024-09-03T09:39:19","slug":"prof-dr-jur-mark-von-wietersheim","status":"publish","type":"anwalt","link":"https:\/\/breyer-rechtsanwaelte.de\/en\/anwalt\/prof-dr-jur-mark-von-wietersheim\/","title":{"rendered":"Prof. Dr. jur. Mark von Wietersheim"},"content":{"rendered":"<div data-elementor-type=\"wp-post\" data-elementor-id=\"2144\" class=\"elementor elementor-2144\" data-elementor-post-type=\"anwalt\">\n\t\t\t\t<div class=\"elementor-element elementor-element-a9b7f78 e-con-full e-flex e-con e-child\" data-id=\"a9b7f78\" data-element_type=\"container\" data-e-type=\"container\">\n\t\t<div class=\"elementor-element elementor-element-fd6e0b2 e-con-full e-flex e-con e-child\" data-id=\"fd6e0b2\" data-element_type=\"container\" data-e-type=\"container\">\n\t\t\t\t<div class=\"elementor-element elementor-element-5f35496 elementor-invisible elementor-widget elementor-widget-heading\" data-id=\"5f35496\" data-element_type=\"widget\" data-e-type=\"widget\" data-settings=\"{&quot;_animation&quot;:&quot;fadeInUp&quot;}\" data-widget_type=\"heading.default\">\n\t\t\t\t\t<h2 class=\"elementor-heading-title elementor-size-default\">Awards<\/h2>\t\t\t\t<\/div>\n\t\t\t\t<div class=\"elementor-element elementor-element-3a701f3 elementor-invisible elementor-widget elementor-widget-text-editor\" data-id=\"3a701f3\" data-element_type=\"widget\" data-e-type=\"widget\" data-settings=\"{&quot;_animation&quot;:&quot;fadeInUp&quot;}\" data-widget_type=\"text-editor.default\">\n\t\t\t\t\t\t\t\t\t<ul><li>FOCUS Magazine Top Law Firms in Germany (2020 and 2021)<\/li><\/ul>\t\t\t\t\t\t\t\t<\/div>\n\t\t\t\t<\/div>\n\t\t<div class=\"elementor-element elementor-element-015de89 e-con-full e-flex e-con e-child\" data-id=\"015de89\" data-element_type=\"container\" data-e-type=\"container\">\n\t\t\t\t<div class=\"elementor-element elementor-element-eaf03b3 elementor-invisible elementor-widget elementor-widget-heading\" data-id=\"eaf03b3\" data-element_type=\"widget\" data-e-type=\"widget\" data-settings=\"{&quot;_animation&quot;:&quot;fadeInUp&quot;}\" data-widget_type=\"heading.default\">\n\t\t\t\t\t<h2 class=\"elementor-heading-title elementor-size-default\">Vita<\/h2>\t\t\t\t<\/div>\n\t\t\t\t<div class=\"elementor-element elementor-element-2d984bb elementor-invisible elementor-widget elementor-widget-text-editor\" data-id=\"2d984bb\" data-element_type=\"widget\" data-e-type=\"widget\" data-settings=\"{&quot;_animation&quot;:&quot;fadeInUp&quot;}\" data-widget_type=\"text-editor.default\">\n\t\t\t\t\t\t\t\t\t<ul><li>Studied law in Freiburg<\/li><li>Studied law at the University of Edinburgh<\/li><li>Studied law in Munich<\/li><li>Employed lawyer at the Treuhandanstalt Berlin, Chemnitz branch office<\/li><li>Legal clerkship at the OLG Munich<\/li><li>Doctorate with Prof. Dr Otte, Mannheim, on the subject of \"Compensation for damages from sector contracting authorities after winning review proceedings\"<\/li><li>Active as a lawyer<\/li><li>In-house lawyer at Deutsche Bahn AG<\/li><li>Lecturer at Osnabr\u00fcck University of Applied Sciences since June 2006<\/li><li>Appointment as honorary professor since December 2016<\/li><li>Managing Director of Forum Vergabe e.V., Berlin since February 2009<\/li><li>Lawyer at Breyer Rechtsanw\u00e4lte in Berlin since September 2022<\/li><\/ul>\t\t\t\t\t\t\t\t<\/div>\n\t\t\t\t<\/div>\n\t\t<div class=\"elementor-element elementor-element-79317f3 e-con-full e-flex e-con e-child\" data-id=\"79317f3\" data-element_type=\"container\" data-e-type=\"container\">\n\t\t\t\t<div class=\"elementor-element elementor-element-aec6043 elementor-invisible elementor-widget elementor-widget-heading\" data-id=\"aec6043\" data-element_type=\"widget\" data-e-type=\"widget\" data-settings=\"{&quot;_animation&quot;:&quot;fadeInUp&quot;}\" data-widget_type=\"heading.default\">\n\t\t\t\t\t<h2 class=\"elementor-heading-title elementor-size-default\">Main areas of activity<\/h2>\t\t\t\t<\/div>\n\t\t\t\t<div class=\"elementor-element elementor-element-2617e0c elementor-invisible elementor-widget elementor-widget-text-editor\" data-id=\"2617e0c\" data-element_type=\"widget\" data-e-type=\"widget\" data-settings=\"{&quot;_animation&quot;:&quot;fadeInUp&quot;}\" data-widget_type=\"text-editor.default\">\n\t\t\t\t\t\t\t\t\t<ul><li>Private building law<\/li><li>Procurement law<\/li><\/ul>\t\t\t\t\t\t\t\t<\/div>\n\t\t\t\t<\/div>\n\t\t<div class=\"elementor-element elementor-element-01e110a e-con-full e-flex e-con e-child\" data-id=\"01e110a\" data-element_type=\"container\" data-e-type=\"container\">\n\t\t\t\t<div class=\"elementor-element elementor-element-099def5 elementor-invisible elementor-widget elementor-widget-heading\" data-id=\"099def5\" data-element_type=\"widget\" data-e-type=\"widget\" data-settings=\"{&quot;_animation&quot;:&quot;fadeInUp&quot;,&quot;_animation_delay&quot;:100}\" data-widget_type=\"heading.default\">\n\t\t\t\t\t<h2 class=\"elementor-heading-title elementor-size-default\">Scientific activity<\/h2>\t\t\t\t<\/div>\n\t\t\t\t<div class=\"elementor-element elementor-element-5b767aa elementor-invisible elementor-widget elementor-widget-text-editor\" data-id=\"5b767aa\" data-element_type=\"widget\" data-e-type=\"widget\" data-settings=\"{&quot;_animation&quot;:&quot;fadeInUp&quot;,&quot;_animation_delay&quot;:100}\" data-widget_type=\"text-editor.default\">\n\t\t\t\t\t\t\t\t\t<ul><li>Lecturer for private building law at the Osnabr\u00fcck University of Applied Sciences since 2006<\/li><li>Honorary professor for private construction law and public procurement law since 2016<\/li><\/ul>\t\t\t\t\t\t\t\t<\/div>\n\t\t\t\t<div class=\"elementor-element elementor-element-eef88f7 elementor-invisible elementor-widget elementor-widget-n-accordion\" data-id=\"eef88f7\" data-element_type=\"widget\" data-e-type=\"widget\" data-settings=\"{&quot;default_state&quot;:&quot;all_collapsed&quot;,&quot;max_items_expended&quot;:&quot;multiple&quot;,&quot;_animation&quot;:&quot;fadeInUp&quot;,&quot;_animation_delay&quot;:100,&quot;n_accordion_animation_duration&quot;:{&quot;unit&quot;:&quot;ms&quot;,&quot;size&quot;:400,&quot;sizes&quot;:[]}}\" data-widget_type=\"nested-accordion.default\">\n\t\t\t\t\t\t\t<div class=\"e-n-accordion\" aria-label=\"Accordion. Open links with Enter or Space, close with Escape, and navigate with Arrow Keys\">\n\t\t\t\t\t\t<details id=\"e-n-accordion-item-2500\" class=\"e-n-accordion-item\" >\n\t\t\t\t<summary class=\"e-n-accordion-item-title\" data-accordion-index=\"1\" tabindex=\"0\" aria-expanded=\"false\" aria-controls=\"e-n-accordion-item-2500\" >\n\t\t\t\t\t<span class='e-n-accordion-item-title-header'><h3 class=\"e-n-accordion-item-title-text\"> Lectures (extract): <\/h3><\/span>\n\t\t\t\t\t\t\t<span class='e-n-accordion-item-title-icon'>\n\t\t\t<span class='e-opened' ><i aria-hidden=\"true\" class=\"material-icons-sharp md-keyboard_arrow_up\" data-md-icon=\"keyboard_arrow_up\"><\/i><\/span>\n\t\t\t<span class='e-closed'><i aria-hidden=\"true\" class=\"material-icons-sharp md-keyboard_arrow_down\" data-md-icon=\"keyboard_arrow_down\"><\/i><\/span>\n\t\t<\/span>\n\n\t\t\t\t\t\t<\/summary>\n\t\t\t\t<div role=\"region\" aria-labelledby=\"e-n-accordion-item-2500\" class=\"elementor-element elementor-element-c97744f e-con-full e-flex e-con e-child\" data-id=\"c97744f\" data-element_type=\"container\" data-e-type=\"container\">\n\t\t\t\t<div class=\"elementor-element elementor-element-c4e075c elementor-widget elementor-widget-text-editor\" data-id=\"c4e075c\" data-element_type=\"widget\" data-e-type=\"widget\" data-widget_type=\"text-editor.default\">\n\t\t\t\t\t\t\t\t\t<ul><li>Vortr\u00e4ge und Leitung von zahlreichen In-House-Schulungen und bei Veranstaltungen des forum vergabe e.V.<\/li><li>Zahlreiche Moderationen von Podiumsdiskussionen bei forum vergabe e.V. und anderen Veranstaltern<\/li><li>Seit 2009 wiederholt Referent und Moderator auf der Beschaffungskonferenz der Wegweiser GmbH<\/li><li>Seit 2019 wiederholt Referent bei der Technische Akademie Esslingen bei Pr\u00e4senzveranstaltungen, Online-Seminaren und Inhouse-Seminaren<\/li><li>Inhouse-Schulungen u.a. bei Drees &amp; Sommer, Stadt Braunschweig, Stadt Jena, Nieders\u00e4chsische Landesbeh\u00f6rde f\u00fcr Stra\u00dfenbau und Verkehr, BWI GmbH<\/li><li>Professionalisierung des Vergaberechts, Tagung zum Vergaberecht im Rahmen der DAAD-Hochschulpartnerschaft der Universit\u00e4t Trier und der Aristoteles Universit\u00e4t Thessaloniki 2019<\/li><li>Bauteil\u00f6ffnung und Bauteilzerst\u00f6rung durch gerichtlich beauftragte Sachverst\u00e4ndige, Herbsttagung der vereidigten hessischen Sachverst\u00e4ndigen im Maler- und Lackiererhandwerk 2019<\/li><li>Das neue Bauvertragsrecht, Schimmelpilzkonferenz 2018<\/li><li>VOB\/C richtig verstehen \u2013 Fehler vermeiden, 6. Deutsche Pflastertage 2018<\/li><li>Produktneutrale Ausschreibung \u2013 Gestaltungsm\u00f6glichkeiten, Betontage 2017<\/li><li>90 Jahre VOB \u2013 Festvortrag bei der Festveranstaltung des Bundesbauministeriums und des DIN, 2016<\/li><li>Bevorstehende Ver\u00e4nderungen im Vergaberecht und in der VOB\/A, 4. Gr\u00fcnberger Gr\u00fcnpflegetage 2016<\/li><li>Die anstehende Vergaberechtsreform, 18. Fachtagung Gefahrstoffsanierung \u2013 Abbruch \u2013 Entsorgung, 2016<\/li><li>Umsetzung der neuen EU-Vergaberichtlinien, 17. Vergabetag Rheinland-Pfalz, 2015<\/li><li>Rechtliche Aspekte bei der Sanierung von Feuchtesch\u00e4den, 18. Berliner Bauschadenstag, 2015<\/li><li>Bevorstehende Ver\u00e4nderungen im Vergaberecht und in der VOB\/A, 18. Fachtagung, Gefahrstoffsanierung \u2013 Abbruch \u2013 Entsorgung, 2015<\/li><li>Aktuelles Vergaberecht, M\u00fcnchner Anwaltsverein, 2014<\/li><li>Der Staat als K\u00e4ufer \u2013 Ausma\u00df und Struktur \u00f6ffentlicher Nachfrage, Deutsch-Tunesische Akademie f\u00fcr gute Regierungsf\u00fchrung, 2013<\/li><li>Pr\u00fcf-, Hinweispflichten und Schriftformerfordernisse in der Landschaftsbaupraxis, Gr\u00fcn- Company, 2013<\/li><li>VOB\/B und BGB im Vergleich, Baubetriebstage Osnabr\u00fcck, 2013<\/li><li>Das \u201ewirtschaftlichste\u201c Angebot, bdla-Bauleitergespr\u00e4che, 2013 Rechtliches Nachtragsmanagement, Bildungsst\u00e4tte Gartenbau, 2012<\/li><li>Tariftreuegesetze \/ Vergabefremde Zwecke, 13. Vergabetag Rheinland-Pfalz, 2011<\/li><li>Inhouse-Schulung bei Intergreen AG, 2011<\/li><li>Inhouse-Veranstaltungen zu VOL\/A und VOB\/A bei Deutsche Rentenversicherung, 2010<\/li><li>Aktuelle vergaberechtliche Gesetzgebung, Zweiter Nieders\u00e4chsischer Vergaberechtstag 2010<\/li><li>Vergaberechtliche Problembereiche, Regionalkonferenz eVergabe Potsdam und Neum\u00fcnster, 2010<\/li><li>Workshop Vergaberecht, M\u00fcnchner Anwaltsverein 2010 und 2011 Die neue<\/li><li>VOB\/A 2009, M\u00fcnchner Anwaltsverein 2009<br \/>Referent auf dem Deutschen Baugerichtstag 2008 zum Arbeitskreis VII \u201eAu\u00dfergerichtliche Streitbeilegung\u201c<\/li><li>Gerichtliche und au\u00dfergerichtliche Begutachtungen durch Sachverst\u00e4ndige, Tagung des Fachverbandes Farbe, Gestaltung, Bautenschutz Berlin\/Brandenburg 2008<\/li><li>\u00d6ffnung und Verschlie\u00dfen von Bauteilen anl\u00e4sslich von gerichtlich angeordneten Begutachtungen, Sachverst\u00e4ndigentag 2008<\/li><li>VOB\/A 2006 und neuere Rechtsprechung, Vortrag bei der LLFG Quedlinburg, 2007 Die VOB 2006, Osnabr\u00fccker Baubetriebstage 2007<\/li><li>Vermeidung von Rechtsstreitigkeiten durch die Anwendung des STLB-Bau, Informationsveranstaltung 10 Jahre STLB-Bau, 2006<\/li><li>Seminare zu VOB\/B und VOB\/C, Architektenkammer Nordrhein-Westfalen, 2004 und 2005<\/li><li>Die Vorteile der VOB\/C aus Auftraggeber-Sicht, Berlin-Darmst\u00e4dter Baurechtstage 2002<\/li><li>Vergabeprozess per Internet (E-Vergabe), Verein der Stra\u00dfen- und Verkehrsbauingenieure Hessen, Freiberg, 2001<\/li><li>Fallstricke im Bauvertrag, Jungunternehmerkongress 2000, Karlsruhe<\/li><li>Abschlagszahlungen als Mittel der Krisenvorbeugung und \u2013bew\u00e4ltigung, Delegiertenversammlung Vereinigung Junger Bauunternehmer, Mainz, 1999<\/li><li>Bauen ohne Streit, Vortragsveranstaltung der Kanzlei Luther&amp;Partner, 1999<\/li><\/ul>\t\t\t\t\t\t\t\t<\/div>\n\t\t\t\t<\/div>\n\t\t\t\t\t<\/details>\n\t\t\t\t\t\t<details id=\"e-n-accordion-item-2501\" class=\"e-n-accordion-item\" >\n\t\t\t\t<summary class=\"e-n-accordion-item-title\" data-accordion-index=\"2\" tabindex=\"-1\" aria-expanded=\"false\" aria-controls=\"e-n-accordion-item-2501\" >\n\t\t\t\t\t<span class='e-n-accordion-item-title-header'><h3 class=\"e-n-accordion-item-title-text\"> Publications permanent collaboration and editor: <\/h3><\/span>\n\t\t\t\t\t\t\t<span class='e-n-accordion-item-title-icon'>\n\t\t\t<span class='e-opened' ><i aria-hidden=\"true\" class=\"material-icons-sharp md-keyboard_arrow_up\" data-md-icon=\"keyboard_arrow_up\"><\/i><\/span>\n\t\t\t<span class='e-closed'><i aria-hidden=\"true\" class=\"material-icons-sharp md-keyboard_arrow_down\" data-md-icon=\"keyboard_arrow_down\"><\/i><\/span>\n\t\t<\/span>\n\n\t\t\t\t\t\t<\/summary>\n\t\t\t\t<div role=\"region\" aria-labelledby=\"e-n-accordion-item-2501\" class=\"elementor-element elementor-element-361a0e7 e-con-full e-flex e-con e-child\" data-id=\"361a0e7\" data-element_type=\"container\" data-e-type=\"container\">\n\t\t\t\t<div class=\"elementor-element elementor-element-5d64a75 elementor-widget elementor-widget-text-editor\" data-id=\"5d64a75\" data-element_type=\"widget\" data-e-type=\"widget\" data-widget_type=\"text-editor.default\">\n\t\t\t\t\t\t\t\t\t<ul><li>seit der 19. Auflage 2015 Mit-Herausgeber des Ingenstau\/Korbion, Kommentar zur VOB<\/li><li>seit 06\/2009 Mitglied im Fachbeirat der Zeitschrift VergabeR, Werner Verlag<\/li><li>seit 01\/2009 als Gesch\u00e4ftsf\u00fchrer des forum vergabe e.V. Herausgeber der \u201eMonatsinfo\u201c<\/li><li>seit 01\/2007 Mit-Herausgaber Materialsammlung zur VOB, Beuth Verlag<\/li><li>2006-2007 Herausgeber Informationsdienst f\u00fcr Architekten und Ingenieure, Bundesanzeiger-Verlag (2007 eingestellt)<\/li><li>seit 2017 Mitarbeit beim Beck-Online-Kommentar Vergaberecht<\/li><li>seit 2016 regelm\u00e4\u00dfige Beitr\u00e4ge im Online \u201ejuris PraxisReport Vergaberecht\u201c<\/li><li>seit 1999: Zeitschriften des Rudolf-M\u00fcller Verlages &#8218;Baugewerbe&#8216; (jetzt JM Fachmedien GmbH), &#8218;Trockenbau&#8216; und &#8218;Bauen im Bestand&#8216;<\/li><li>seit 1999: bi-magazin bauwirtschaftliche Informationen&#8216;<\/li><li>2003-2005: Mitarbeit beim Baurechtsberater, Bundesanzeiger-Verlag<\/li><li>je mehrere Beitr\u00e4ge j\u00e4hrlich, Themenschwerpunkte: Vergaberecht, Baurecht, Kaufrecht; insgesamt bisher \u00fcber 400 Beitr\u00e4ge.<\/li><\/ul>\t\t\t\t\t\t\t\t<\/div>\n\t\t\t\t<\/div>\n\t\t\t\t\t<\/details>\n\t\t\t\t\t\t<details id=\"e-n-accordion-item-2502\" class=\"e-n-accordion-item\" >\n\t\t\t\t<summary class=\"e-n-accordion-item-title\" data-accordion-index=\"3\" tabindex=\"-1\" aria-expanded=\"false\" aria-controls=\"e-n-accordion-item-2502\" >\n\t\t\t\t\t<span class='e-n-accordion-item-title-header'><h3 class=\"e-n-accordion-item-title-text\"> Books and book contributions: <\/h3><\/span>\n\t\t\t\t\t\t\t<span class='e-n-accordion-item-title-icon'>\n\t\t\t<span class='e-opened' ><i aria-hidden=\"true\" class=\"material-icons-sharp md-keyboard_arrow_up\" data-md-icon=\"keyboard_arrow_up\"><\/i><\/span>\n\t\t\t<span class='e-closed'><i aria-hidden=\"true\" class=\"material-icons-sharp md-keyboard_arrow_down\" data-md-icon=\"keyboard_arrow_down\"><\/i><\/span>\n\t\t<\/span>\n\n\t\t\t\t\t\t<\/summary>\n\t\t\t\t<div role=\"region\" aria-labelledby=\"e-n-accordion-item-2502\" class=\"elementor-element elementor-element-4eea344 e-con-full e-flex e-con e-child\" data-id=\"4eea344\" data-element_type=\"container\" data-e-type=\"container\">\n\t\t\t\t<div class=\"elementor-element elementor-element-8180612 elementor-widget elementor-widget-text-editor\" data-id=\"8180612\" data-element_type=\"widget\" data-e-type=\"widget\" data-widget_type=\"text-editor.default\">\n\t\t\t\t\t\t\t\t\t<ul><li>Praxiswissen Vergaberecht, C.H. Beck, 4. Auflage 2021<\/li><li>Beitr\u00e4ge zum Beck&#8217;schen Handbuch zum Vergaberecht, C.H. Beck, 3. Auflage, 2021<\/li><li>Beitr\u00e4ge zum Beck&#8217;schen VOB\/C-Kommentar, 4. Auflage, C.H. Beck 2021<\/li><li>Mitautor \u201eOrganisation im Landschaftsbau\u201c, Patzer Verlag, 2020<\/li><li>\u201eVergabe von Bauleistungen und Rechtsschutz des Bieters\u201c, in Kleine\/M\u00f6ller\/Merl, Handbuch des privaten Baurechts, C.H. Beck, 6. Auflage 2019<\/li><li>Mitherausgeber der 21. Auflage des Ingenstau\/Korbion, Wolters Kluwer 2019<\/li><li>Kommentierungen zu zahlreichen Paragraphen der VOB\/A und VOB\/A-EU in der 21. Auflage des Ingenstau\/Korbion, Wolters Kluwer 2019<\/li><li>Kommentierung der \u00a7\u00a7 37, 48, 51 Abs. 1, 55 SektVO in M\u00fcller-Wrede, Sektorenverordnung Kommentar, 2. Auflage, Bundesanzeiger 2018<\/li><li>Kommentierung zahlreicher Vorschriften in Burgi\/Dreher, Beck&#8217;scher Vergaberechtskommentar Band 2, C.H. Beck 2018<\/li><li>Herausgeber und Kommentator des BGB-Werkvertragsrechts: Bauvertragsrecht nach BGB und VOB\/B, Bundesanzeiger Verlag, 4. Auflage 2018<\/li><li>Praxiswissen Vergaberecht, C.H. Beck, 3. Auflage 2018<\/li><li>Kommentierung zu \u00a7\u00a7 32, 36 VSVgV, in Zeiss, Kommentar zur VSVgV, 2. Auflage, Bundesanzeiger Verlag 2018<\/li><li>\u201eBauteil\u00f6ffnungen\u201c; \u201eArbeitsschutz f\u00fcr Bausachverst\u00e4ndige\u201c, Beitrage zum Handbuch f\u00fcr Sachverst\u00e4ndige, 3. Auflage, Bundesanzeigerverlag 2018<\/li><li>\u201ePraxiswissen Vergaberecht\u201c, 2. Auflage, C.H. Beck, 2017<\/li><li>Beitr\u00e4ge zum Beck&#8217;schen Handbuch zum Vergaberecht, 2. Auflage, 2017<\/li><li>Kommentierungen zu zahlreichen Vorschriften im Beck-Online-Kommentar Vergaberecht, seit 2017<\/li><li>Herausgeber und Kommentator des BGB-Werkvertragsrechts: Bauvertragsrecht nach BGB und VOB\/B, Bundesanzeiger Verlag, 3. Auflage 2016<\/li><li>Kommentierung der \u00a7\u00a7 104, 144, 147 GWB, in Burgi\/Dreher, Beck&#8217;scher Vergaberechtskommentar Band 1, C.H. Beck 2016<\/li><li>Mitherausgeber der 20. Auflage des Ingenstau\/Korbion, Werner Verlag 2016<\/li><li>Kommentierungen zu zahlreichen Paragraphen der VOB\/A und VOB\/A-EU in der 20. Auflage des Ingenstau\/Korbion, Werner Verlag 2016<\/li><li>Mitherausgeber \u201e\u00dcber den Tag hinaus\u201c, Ged\u00e4chtnisschrift f\u00fcr R\u00fcdiger Kratzenberg, und Autor eines Beitrages \u201eDie VOB als Gesamtwerk\u201c, Werner Verlag 2016<\/li><li>Co-Autor \u201eBauteiluntersuchung \u2013 Notwendigkeit und Grenzen\u201c, Bundesanzeiger Verlag 2016<\/li><li>Mitherausgeber der 19. Auflage des Ingenstau\/Korbion, Werner Verlag 2015<\/li><li>Kommentierungen zu zahlreichen Paragraphen der VOB\/A, VOB\/A-EG und der VOB\/A-VS in der 19. Auflage des Ingenstau\/Korbion, Werner Verlag 2015<\/li><li>Beitr\u00e4ge zum Beck&#8217;schen VOB\/C-Kommentar, 3. Auflage, C.H. Beck 2014<\/li><li>Herausgeber und Kommentator des BGB-Werkvertragsrechts: Bauvertragsrecht nach BGB und VOB\/B, Bundesanzeiger Verlag, 3. Auflage 2014<\/li><li>Beitr\u00e4ge zum Beck&#8217;schen Handbuch zum Vergaberecht, 2014<\/li><li>Herausgeber Vergaben im \u00d6PNV, Bundesanzeiger Verlag 2013<\/li><li>Herausgeber Vergaben im Bereich von Verteidigung und Sicherheit, Bundesanzeiger Verlag 2013<\/li><li>Co-Autor Korbion\/von Wietersheim: Die HOAI 2013, Haufe 2013<\/li><li>Herausgeber Vergabe von IT-Leistungen, Bundesanzeiger 2013<\/li><li>von Wietersheim, Praxiswissen Vergaberecht, C.H. Beck, 2012<\/li><li>Kommentierung zu \u00a7\u00a7 32, 36 VSVgV, in Zeiss, Kommentar zur VSVgV, Bundesanzeiger Verlag 2012<\/li><li>Kommentierung zu \u00a7\u00a7 8, 8 EG, 10, 10 EG, 12, 12 EG, 18, 18 EG VOB\/A in der 18. Auflage Ingenstau\/Korbion, Kommentar zu VOB (hrsg. von Kratzenberg\/Leupertz), Werner Verlag, 2012<\/li><li>Co-Autor von Wietersheim\/Zeiss\/Dieblich Vergabe- und Vertragsrecht, 4. Auflage 2012, Bundesanzeiger Verlag<\/li><li>Co-Autor von Wietersheim\/Korbion, Praxiswissen Privates Baurecht, 2. Auflage, C.H. Beck, 2012<\/li><li>Herausgeber Vergaben im Gesundheitsmarkt, Bundesanzeiger-Verlag, 2011<\/li><li>Herausgeber Vergabe von Versicherungsleistungen, Bundesanzeiger-Verlag, 2011<\/li><li>Herausgeber des VOB\/A-Online-Kommentar bei VERIS (www.vergabedatenbank.de) (von 2011 bis Ende 2014)<\/li><li>Co-Autor von Niesel\/Thieme-Hack\/Thomas\/von Wietersheim: Organisationselemente im Gartenbau, Patzer, 2010<\/li><li>Co-Autor von Wietersheim\/Zeiss\/Dieblich, Vergabe- und Vertragsrecht, 3. Auflage Bundesanzeiger 2010<\/li><li>Co-Autor von Wietersheim\/Schranner, Das neue Vergaberecht, Haufe 2010<\/li><li>Kommentierung der \u00a7\u00a7 24, 26, 28, 29 SektVO in M\u00fcller-Wrede, Sektorenverordnung Kommentar, Bundesanzeiger 2010<\/li><li>Kommentierung der \u00a7\u00a7 8, 10, 12, 18 VOB\/A in der 17. Auflage des Ingenstau\/Korbion, Kommentar zu VOB (hrsg. von Kratzenberg\/Vygen), 2009<\/li><li>Umweltaspekte und Vergaberecht, Beitrag zum Jahrbuch Verwaltungsmodernisierung Deutschland 2010, Wegweiser-Verlag 2009<\/li><li>\u201eArbeitsschutz f\u00fcr Bausachverst\u00e4ndige\u201c, Beitr\u00e4ge zum Handbuch f\u00fcr Sachverst\u00e4ndige, 2. Auflage, Bundesanzeigerverlag 2009<\/li><li>Co-Autor Korbion\/von Wietersheim: Die HOAI 2009, Haufe 2009<\/li><li>Das neue GWB, Beuth 2009<\/li><li>Co-Autor von Wietersheim\/Korbion: Das neue Forderungssicherungsgesetz, Haufe 2008<\/li><li>Beitr\u00e4ge zum Beck&#8217;schen VOB\/C-Kommentar, 2. Auflage, C.H. Beck 2008<\/li><li>Schadensersatz nach erfolglosen Nachpr\u00fcfungsverfahren, Schriften zum Europ\u00e4ischen Transport- und Verkehrsrecht, Lit-Verlag 2007<\/li><li>Co-Autor von Wietersheim\/Emersleben, Burghard, Der private Bauvertrage, Beuth-Verlag 2007<\/li><li>Arbeitsschutz f\u00fcr Bausachverst\u00e4ndige, Beitrag zum Handbuch f\u00fcr Sachverst\u00e4ndige, Bundesanzeigerverlag 2007<\/li><li>Co-Autor von Wietersheim\/Schranner: Die VOB\/A 2006, Haufe 2006<\/li><li>Co-Autor von Wietersheim\/Korbion: Die VOB\/B 2006, Haufe 2006<\/li><li>Co-Autor von Wietersheim\/Korbion, Architektenrecht, Bundesanzeigerverlag 2006<\/li><li>Beitr\u00e4ge zum Handbuch Baurecht, Herausgeber Korbion, Otto Schmidt 2005<\/li><li>Herausgeber VOB\/B in der Praxis mit Kommentierung von VOB\/B, Werk- und Kaufvertragsrecht, Bundesanzeigerverlag 2005<\/li><li>Kommentierung zum BGB-Werkvertragsrecht, in: VOB\/B in der Praxis, Bundesanzeigerverlag 2005<\/li><li>Co-Autor von Wietersheim\/Troa-Korbion, Das neue BauGB, Haufe 2004<\/li><li>Co-Autor von Wietersheim\/Korbion: Basiswissen Privates Baurecht, C.H. Beck 2002<\/li><li>Co-Autor von Wietersheim\/Korbion: VOB\/B 2002, Haufe 2002<\/li><li>Beitrag zum Beck&#8217;schen VOB\/C-Kommentar, C.H. Beck 2002<\/li><li>Co-Autor von Wietersheim\/Noebel: Leitfaden zur Baustellenverordnung, C.H. Beck 2001<\/li><li>\u00a0<\/li><\/ul>\t\t\t\t\t\t\t\t<\/div>\n\t\t\t\t<\/div>\n\t\t\t\t\t<\/details>\n\t\t\t\t\t\t<details id=\"e-n-accordion-item-2503\" class=\"e-n-accordion-item\" >\n\t\t\t\t<summary class=\"e-n-accordion-item-title\" data-accordion-index=\"4\" tabindex=\"-1\" aria-expanded=\"false\" aria-controls=\"e-n-accordion-item-2503\" >\n\t\t\t\t\t<span class='e-n-accordion-item-title-header'><h3 class=\"e-n-accordion-item-title-text\"> Article (extract): <\/h3><\/span>\n\t\t\t\t\t\t\t<span class='e-n-accordion-item-title-icon'>\n\t\t\t<span class='e-opened' ><i aria-hidden=\"true\" class=\"material-icons-sharp md-keyboard_arrow_up\" data-md-icon=\"keyboard_arrow_up\"><\/i><\/span>\n\t\t\t<span class='e-closed'><i aria-hidden=\"true\" class=\"material-icons-sharp md-keyboard_arrow_down\" data-md-icon=\"keyboard_arrow_down\"><\/i><\/span>\n\t\t<\/span>\n\n\t\t\t\t\t\t<\/summary>\n\t\t\t\t<div role=\"region\" aria-labelledby=\"e-n-accordion-item-2503\" class=\"elementor-element elementor-element-7e46d36 e-con-full e-flex e-con e-child\" data-id=\"7e46d36\" data-element_type=\"container\" data-e-type=\"container\">\n\t\t\t\t<div class=\"elementor-element elementor-element-7ca4630 elementor-widget elementor-widget-text-editor\" data-id=\"7ca4630\" data-element_type=\"widget\" data-e-type=\"widget\" data-widget_type=\"text-editor.default\">\n\t\t\t\t\t\t\t\t\t<ul><li>Mitautor: Mehrparteienvertr\u00e4ge am Bau \u2013 Vorschl\u00e4ge zu einer Anpassung des Vergaberechts, BauR 2021, S. 1017<\/li><li>Aufbau und Struktur des neuen Vergaberechts, VergabeR 2016, S. 269<\/li><li>Aufbau der VOB\/C, VOB aktuell, Heft 2\/2004, S. 17 sowie weitere Artikel in VOB aktuell<\/li><li>Schadensersatz bei \u00f6ffentlichen Vergaben, Financial Times Deutschland, 04.05.2000, S. 38<\/li><li>Wegfall der \u00f6rtlich beschr\u00e4nkten Postulationsf\u00e4higkeit und kosteng\u00fcnstiger Umgang mit dieser Reform, MDR 1999, S. 1367<\/li><li>Abrechnung von Bauvorhaben in der Insolvenz, InsVO 1999, S. 261<\/li><li>Die Erteilung von Vollstreckungsklauseln bei Vergleichen mit einer Beschleunigungsklausel, MDR 1999, S. 976<\/li><li>Vorzeitige R\u00fcckgew\u00e4hr von Gew\u00e4hrleistungssicherheiten in der Insolvenz gekl\u00e4rt? ZInsO 1999, S. 393<\/li><li>Geltendmachung von Vertragsstrafen aus dem Verh\u00e4ltnis Generalunternehmer\/Bauherr im Verh\u00e4ltnis zwischen Generalunternehmer und Subunternehmer, BauR 1999, S. 526<\/li><li>Vorsicht bei Gew\u00e4hrleistungseinbehalten, MDR 1998, S. 630<\/li><\/ul>\t\t\t\t\t\t\t\t<\/div>\n\t\t\t\t<\/div>\n\t\t\t\t\t<\/details>\n\t\t\t\t\t<\/div>\n\t\t\t\t\t\t<\/div>\n\t\t\t\t<\/div>\n\t\t\t\t<\/div>\n\t\t\t\t<\/div>","protected":false},"excerpt":{"rendered":"<p>Rechtsanwalt bei Breyer Rechtsanw\u00e4lte in Berlin seit 2022, Honorarprofessor und Gesch\u00e4ftsf\u00fchrer des Forum Vergabe e.V., mit umfassender Expertise in Vergaberecht und Schadensersatzrecht.<\/p>","protected":false},"featured_media":1815,"template":"","meta":{"_acf_changed":false},"fachrichtung":[],"standort":[36],"class_list":["post-2144","anwalt","type-anwalt","status-publish","has-post-thumbnail","hentry","standort-berlin"],"acf":{"fachrichtung":"Rechtsanwalt","telefon":"+49 30 22013794-0","e-mail":"berlin@breyer-rechtsanwaelte.de","linkedin":"","xing":"","web":""},"_links":{"self":[{"href":"https:\/\/breyer-rechtsanwaelte.de\/en\/wp-json\/wp\/v2\/anwalt\/2144","targetHints":{"allow":["GET"]}}],"collection":[{"href":"https:\/\/breyer-rechtsanwaelte.de\/en\/wp-json\/wp\/v2\/anwalt"}],"about":[{"href":"https:\/\/breyer-rechtsanwaelte.de\/en\/wp-json\/wp\/v2\/types\/anwalt"}],"version-history":[{"count":0,"href":"https:\/\/breyer-rechtsanwaelte.de\/en\/wp-json\/wp\/v2\/anwalt\/2144\/revisions"}],"wp:featuredmedia":[{"embeddable":true,"href":"https:\/\/breyer-rechtsanwaelte.de\/en\/wp-json\/wp\/v2\/media\/1815"}],"wp:attachment":[{"href":"https:\/\/breyer-rechtsanwaelte.de\/en\/wp-json\/wp\/v2\/media?parent=2144"}],"wp:term":[{"taxonomy":"fachrichtung","embeddable":true,"href":"https:\/\/breyer-rechtsanwaelte.de\/en\/wp-json\/wp\/v2\/fachrichtung?post=2144"},{"taxonomy":"standort","embeddable":true,"href":"https:\/\/breyer-rechtsanwaelte.de\/en\/wp-json\/wp\/v2\/standort?post=2144"}],"curies":[{"name":"wp","href":"https:\/\/api.w.org\/{rel}","templated":true}]}}