{"id":8544,"date":"2024-09-19T13:35:38","date_gmt":"2024-09-19T11:35:38","guid":{"rendered":"https:\/\/breyer-rechtsanwaelte.de\/?post_type=anwalt&#038;p=8544"},"modified":"2025-01-21T15:10:37","modified_gmt":"2025-01-21T14:10:37","slug":"miriam-jaekel","status":"publish","type":"anwalt","link":"https:\/\/breyer-rechtsanwaelte.de\/en\/anwalt\/miriam-jaekel\/","title":{"rendered":"Miriam J\u00e4kel"},"content":{"rendered":"<div data-elementor-type=\"wp-post\" data-elementor-id=\"8544\" class=\"elementor elementor-8544\" data-elementor-post-type=\"anwalt\">\n\t\t\t\t<div class=\"elementor-element elementor-element-1a2313a e-flex e-con-boxed e-con e-parent\" data-id=\"1a2313a\" data-element_type=\"container\" data-e-type=\"container\">\n\t\t\t\t\t<div class=\"e-con-inner\">\n\t\t<div class=\"elementor-element elementor-element-1f15d48 e-con-full e-flex e-con e-child\" data-id=\"1f15d48\" data-element_type=\"container\" data-e-type=\"container\">\n\t\t\t\t<div class=\"elementor-element elementor-element-647f1ed elementor-invisible elementor-widget elementor-widget-heading\" data-id=\"647f1ed\" data-element_type=\"widget\" data-e-type=\"widget\" data-settings=\"{&quot;_animation&quot;:&quot;fadeInUp&quot;}\" data-widget_type=\"heading.default\">\n\t\t\t\t\t<h2 class=\"elementor-heading-title elementor-size-default\">Vita<\/h2>\t\t\t\t<\/div>\n\t\t\t\t<div class=\"elementor-element elementor-element-872b81f elementor-invisible elementor-widget elementor-widget-text-editor\" data-id=\"872b81f\" data-element_type=\"widget\" data-e-type=\"widget\" data-settings=\"{&quot;_animation&quot;:&quot;fadeInUp&quot;}\" data-widget_type=\"text-editor.default\">\n\t\t\t\t\t\t\t\t\t<ul><li>Studied in Frankfurt, Copenhagen and Berlin<br \/>Legal clerkships in Frankfurt, Speyer and Berlin (Federal Ministry of Justice and Consumer Protection)<\/li><li>Started her career as a lawyer in a construction and property law firm in Frankfurt<\/li><li>Expansion of the portfolio to include labour law<\/li><li>Worked for a labour law firm and the Deutsche Gesellschaft f\u00fcr Internationale Zusammenarbeit (GIZ) in Frankfurt<\/li><li>since 2024 in the team of Breyer Rechtsanw\u00e4lte, Frankfurt office<\/li><\/ul>\t\t\t\t\t\t\t\t<\/div>\n\t\t\t\t<\/div>\n\t\t<div class=\"elementor-element elementor-element-aba8a31 e-con-full e-flex e-con e-child\" data-id=\"aba8a31\" data-element_type=\"container\" data-e-type=\"container\">\n\t\t\t\t<div class=\"elementor-element elementor-element-8494bf1 elementor-invisible elementor-widget elementor-widget-heading\" data-id=\"8494bf1\" data-element_type=\"widget\" data-e-type=\"widget\" data-settings=\"{&quot;_animation&quot;:&quot;fadeInUp&quot;}\" data-widget_type=\"heading.default\">\n\t\t\t\t\t<h2 class=\"elementor-heading-title elementor-size-default\">Main areas of activity<\/h2>\t\t\t\t<\/div>\n\t\t\t\t<div class=\"elementor-element elementor-element-58509ae elementor-invisible elementor-widget elementor-widget-text-editor\" data-id=\"58509ae\" data-element_type=\"widget\" data-e-type=\"widget\" data-settings=\"{&quot;_animation&quot;:&quot;fadeInUp&quot;}\" data-widget_type=\"text-editor.default\">\n\t\t\t\t\t\t\t\t\t<ul><li>Real estate law with a focus on transaction support<\/li><li>Commercial tenancy law<\/li><li>Advice on public building law<\/li><li>Erfolgreicher Abschluss des theoretischen Teils des Fachanwaltslehrgangs Arbeitsrecht<\/li><\/ul>\t\t\t\t\t\t\t\t<\/div>\n\t\t\t\t<\/div>\n\t\t\t\t\t<\/div>\n\t\t\t\t<\/div>\n\t\t\t\t<\/div>","protected":false},"excerpt":{"rendered":"<p>Miriam J\u00e4kel, erfahrene Anw\u00e4ltin f\u00fcr Immobilien- und Arbeitsrecht, ber\u00e4t Sie seit 2024 bei Breyer Rechtsanw\u00e4lte.<\/p>","protected":false},"featured_media":8586,"template":"","meta":{"_acf_changed":false},"fachrichtung":[47,49,50],"standort":[34],"class_list":["post-8544","anwalt","type-anwalt","status-publish","has-post-thumbnail","hentry","fachrichtung-immobilienwirtschaftrecht","fachrichtung-miet-und-weg-recht","fachrichtung-oeffentliches-baurecht","standort-frankfurt"],"acf":{"fachrichtung":"Rechtsanw\u00e4ltin ","telefon":"+49 69 870077560","e-mail":"frankfurt@breyer-rechtsanwaelte.de","linkedin":"","xing":"","web":""},"_links":{"self":[{"href":"https:\/\/breyer-rechtsanwaelte.de\/en\/wp-json\/wp\/v2\/anwalt\/8544","targetHints":{"allow":["GET"]}}],"collection":[{"href":"https:\/\/breyer-rechtsanwaelte.de\/en\/wp-json\/wp\/v2\/anwalt"}],"about":[{"href":"https:\/\/breyer-rechtsanwaelte.de\/en\/wp-json\/wp\/v2\/types\/anwalt"}],"version-history":[{"count":0,"href":"https:\/\/breyer-rechtsanwaelte.de\/en\/wp-json\/wp\/v2\/anwalt\/8544\/revisions"}],"wp:featuredmedia":[{"embeddable":true,"href":"https:\/\/breyer-rechtsanwaelte.de\/en\/wp-json\/wp\/v2\/media\/8586"}],"wp:attachment":[{"href":"https:\/\/breyer-rechtsanwaelte.de\/en\/wp-json\/wp\/v2\/media?parent=8544"}],"wp:term":[{"taxonomy":"fachrichtung","embeddable":true,"href":"https:\/\/breyer-rechtsanwaelte.de\/en\/wp-json\/wp\/v2\/fachrichtung?post=8544"},{"taxonomy":"standort","embeddable":true,"href":"https:\/\/breyer-rechtsanwaelte.de\/en\/wp-json\/wp\/v2\/standort?post=8544"}],"curies":[{"name":"wp","href":"https:\/\/api.w.org\/{rel}","templated":true}]}}