{"id":5221,"date":"2024-08-29T11:27:25","date_gmt":"2024-08-29T09:27:25","guid":{"rendered":"https:\/\/breyer-rechtsanwaelte.de\/?page_id=5221"},"modified":"2025-10-09T14:05:28","modified_gmt":"2025-10-09T12:05:28","slug":"empfehlungen","status":"publish","type":"page","link":"https:\/\/breyer-rechtsanwaelte.de\/en\/referenzen\/empfehlungen\/","title":{"rendered":"Recommendations"},"content":{"rendered":"\t\t<div data-elementor-type=\"wp-page\" data-elementor-id=\"5221\" class=\"elementor elementor-5221\" data-elementor-post-type=\"page\">\n\t\t\t\t<div class=\"elementor-element elementor-element-fc6f5e9 division-query-template e-flex e-con-boxed e-con e-parent\" data-id=\"fc6f5e9\" data-element_type=\"container\" data-e-type=\"container\">\n\t\t\t\t\t<div class=\"e-con-inner\">\n\t\t\t\t<div class=\"elementor-element elementor-element-92ecab0 elementor-widget__width-initial elementor-invisible elementor-widget elementor-widget-heading\" data-id=\"92ecab0\" data-element_type=\"widget\" data-e-type=\"widget\" data-settings=\"{&quot;_animation&quot;:&quot;fadeInUp&quot;,&quot;sticky&quot;:&quot;top&quot;,&quot;sticky_offset&quot;:100,&quot;sticky_parent&quot;:&quot;yes&quot;,&quot;sticky_on&quot;:[&quot;desktop&quot;,&quot;tablet&quot;,&quot;mobile&quot;],&quot;sticky_effects_offset&quot;:0,&quot;sticky_anchor_link_offset&quot;:0}\" data-widget_type=\"heading.default\">\n\t\t\t\t\t<h2 class=\"elementor-heading-title elementor-size-default\">###<\/h2>\t\t\t\t<\/div>\n\t\t<div class=\"elementor-element elementor-element-55e13fc e-con-full e-flex e-con e-child\" data-id=\"55e13fc\" data-element_type=\"container\" data-e-type=\"container\">\n\t\t\t\t<\/div>\n\t\t\t\t\t<\/div>\n\t\t\t\t<\/div>\n\t\t<div class=\"elementor-element elementor-element-24ad1d6 e-con-full e-flex e-con e-parent\" data-id=\"24ad1d6\" data-element_type=\"container\" data-e-type=\"container\">\n\t\t\t\t<div class=\"elementor-element elementor-element-cbf5437 elementor-invisible elementor-widget elementor-widget-heading\" data-id=\"cbf5437\" data-element_type=\"widget\" data-e-type=\"widget\" data-settings=\"{&quot;_animation&quot;:&quot;fadeInUp&quot;}\" data-widget_type=\"heading.default\">\n\t\t\t\t\t<h1 class=\"elementor-heading-title elementor-size-default\">Empfehlungen<\/h1>\t\t\t\t<\/div>\n\t\t\t\t<div class=\"elementor-element elementor-element-de4a946 elementor-icon-list--layout-inline elementor-list-item-link-full_width elementor-invisible elementor-widget elementor-widget-icon-list\" data-id=\"de4a946\" data-element_type=\"widget\" data-e-type=\"widget\" data-settings=\"{&quot;_animation&quot;:&quot;fadeInUp&quot;,&quot;_animation_delay&quot;:100}\" data-widget_type=\"icon-list.default\">\n\t\t\t\t\t\t\t<ul class=\"elementor-icon-list-items elementor-inline-items\">\n\t\t\t\t\t\t\t<li class=\"elementor-icon-list-item elementor-inline-item\">\n\t\t\t\t\t\t\t\t\t\t\t<a href=\"https:\/\/breyer-rechtsanwaelte.de\/en\">\n\n\t\t\t\t\t\t\t\t\t\t\t<span class=\"elementor-icon-list-text\">Home<\/span>\n\t\t\t\t\t\t\t\t\t\t\t<\/a>\n\t\t\t\t\t\t\t\t\t<\/li>\n\t\t\t\t\t\t\t\t<li class=\"elementor-icon-list-item elementor-inline-item\">\n\t\t\t\t\t\t\t\t\t\t\t<a href=\"https:\/\/breyer-rechtsanwaelte.de\/en\/referenzen\/\">\n\n\t\t\t\t\t\t\t\t\t\t\t\t<span class=\"elementor-icon-list-icon\">\n\t\t\t\t\t\t\t<i aria-hidden=\"true\" class=\"material-icons-sharp md-arrow_forward\" data-md-icon=\"arrow_forward\"><\/i>\t\t\t\t\t\t<\/span>\n\t\t\t\t\t\t\t\t\t\t<span class=\"elementor-icon-list-text\">Referenzen<\/span>\n\t\t\t\t\t\t\t\t\t\t\t<\/a>\n\t\t\t\t\t\t\t\t\t<\/li>\n\t\t\t\t\t\t\t\t<li class=\"elementor-icon-list-item elementor-inline-item\">\n\t\t\t\t\t\t\t\t\t\t\t<span class=\"elementor-icon-list-icon\">\n\t\t\t\t\t\t\t<i aria-hidden=\"true\" class=\"material-icons-sharp md-arrow_forward\" data-md-icon=\"arrow_forward\"><\/i>\t\t\t\t\t\t<\/span>\n\t\t\t\t\t\t\t\t\t\t<span class=\"elementor-icon-list-text\">Empfehlungen<\/span>\n\t\t\t\t\t\t\t\t\t<\/li>\n\t\t\t\t\t\t<\/ul>\n\t\t\t\t\t\t<\/div>\n\t\t\t\t<\/div>\n\t\t<div class=\"elementor-element elementor-element-8ee469e e-con-full e-flex e-con e-parent\" data-id=\"8ee469e\" data-element_type=\"container\" data-e-type=\"container\">\n\t\t<div class=\"elementor-element elementor-element-8e0eca6 e-con-full e-flex e-con e-child\" data-id=\"8e0eca6\" data-element_type=\"container\" data-e-type=\"container\" data-settings=\"{&quot;background_background&quot;:&quot;classic&quot;}\">\n\t\t\t\t<div class=\"elementor-element elementor-element-1b99023 elementor-widget elementor-widget-spacer\" data-id=\"1b99023\" data-element_type=\"widget\" data-e-type=\"widget\" data-widget_type=\"spacer.default\">\n\t\t\t\t\t\t\t<div class=\"elementor-spacer\">\n\t\t\t<div class=\"elementor-spacer-inner\"><\/div>\n\t\t<\/div>\n\t\t\t\t\t\t<\/div>\n\t\t\t\t<\/div>\n\t\t\t\t<\/div>\n\t\t<div class=\"elementor-element elementor-element-3f5d7cf e-flex e-con-boxed e-con e-parent\" data-id=\"3f5d7cf\" data-element_type=\"container\" data-e-type=\"container\">\n\t\t\t\t\t<div class=\"e-con-inner\">\n\t\t<div class=\"elementor-element elementor-element-4ee0c6f e-con-full e-flex e-con e-child\" data-id=\"4ee0c6f\" data-element_type=\"container\" data-e-type=\"container\">\n\t\t\t\t<div class=\"elementor-element elementor-element-938b9eb elementor-invisible elementor-widget elementor-widget-heading\" data-id=\"938b9eb\" data-element_type=\"widget\" data-e-type=\"widget\" data-settings=\"{&quot;_animation&quot;:&quot;fadeInUp&quot;}\" data-widget_type=\"heading.default\">\n\t\t\t\t\t<h2 class=\"elementor-heading-title elementor-size-default\">Empfehlungen \u2013 Erfolgsstories aus erster Hand<\/h2>\t\t\t\t<\/div>\n\t\t\t\t<\/div>\n\t\t<div class=\"elementor-element elementor-element-6e7b2af e-con-full e-flex e-con e-child\" data-id=\"6e7b2af\" data-element_type=\"container\" data-e-type=\"container\">\n\t\t\t\t<div class=\"elementor-element elementor-element-046105f elementor-invisible elementor-widget elementor-widget-text-editor\" data-id=\"046105f\" data-element_type=\"widget\" data-e-type=\"widget\" data-settings=\"{&quot;_animation&quot;:&quot;fadeInUp&quot;,&quot;_animation_delay&quot;:100}\" data-widget_type=\"text-editor.default\">\n\t\t\t\t\t\t\t\t\t<p>Unsere Expertise wird nicht nur von Mandanten gesch\u00e4tzt, sondern auch von Partnern und Branchenexperten anerkannt. Entdecken Sie, welche Empfehlungen uns als f\u00fchrende Kanzlei im Bau- und Immobilienrecht auszeichnen.<\/p>\t\t\t\t\t\t\t\t<\/div>\n\t\t\t\t<\/div>\n\t\t\t\t\t<\/div>\n\t\t\t\t<\/div>\n\t\t<div class=\"elementor-element elementor-element-4a0d9d1 e-flex e-con-boxed e-con e-parent\" data-id=\"4a0d9d1\" data-element_type=\"container\" data-e-type=\"container\">\n\t\t\t\t\t<div class=\"e-con-inner\">\n\t\t\t\t<div class=\"elementor-element elementor-element-4c7e88e elementor-widget-divider--view-line elementor-widget elementor-widget-divider\" data-id=\"4c7e88e\" data-element_type=\"widget\" data-e-type=\"widget\" data-widget_type=\"divider.default\">\n\t\t\t\t\t\t\t<div class=\"elementor-divider\">\n\t\t\t<span class=\"elementor-divider-separator\">\n\t\t\t\t\t\t<\/span>\n\t\t<\/div>\n\t\t\t\t\t\t<\/div>\n\t\t\t\t\t<\/div>\n\t\t\t\t<\/div>\n\t\t<div class=\"elementor-element elementor-element-779eb56 e-flex e-con-boxed e-con e-parent\" data-id=\"779eb56\" data-element_type=\"container\" data-e-type=\"container\">\n\t\t\t\t\t<div class=\"e-con-inner\">\n\t\t\t\t<div class=\"elementor-element elementor-element-c3915c7 elementor-invisible elementor-widget elementor-widget-image\" data-id=\"c3915c7\" data-element_type=\"widget\" data-e-type=\"widget\" data-settings=\"{&quot;_animation&quot;:&quot;fadeInUp&quot;}\" data-widget_type=\"image.default\">\n\t\t\t\t\t\t\t\t\t\t\t\t\t\t\t<img decoding=\"async\" width=\"152\" height=\"152\" src=\"https:\/\/breyer-rechtsanwaelte.de\/wp-content\/uploads\/2024\/08\/Breyer-Rechtsanwaelte-Piktogram.svg\" class=\"attachment-full size-full wp-image-4877\" alt=\"\" \/>\t\t\t\t\t\t\t\t\t\t\t\t\t\t\t<\/div>\n\t\t\t\t<div class=\"elementor-element elementor-element-502c9bc elementor-invisible elementor-widget elementor-widget-heading\" data-id=\"502c9bc\" data-element_type=\"widget\" data-e-type=\"widget\" data-settings=\"{&quot;_animation&quot;:&quot;fadeInUp&quot;,&quot;_animation_delay&quot;:100}\" data-widget_type=\"heading.default\">\n\t\t\t\t\t<h2 class=\"elementor-heading-title elementor-size-default\">Empfehlungen<\/h2>\t\t\t\t<\/div>\n\t\t\t\t<div class=\"elementor-element elementor-element-d850a49 elementor-grid-3 elementor-grid-tablet-2 elementor-grid-mobile-1 elementor-widget elementor-widget-loop-grid\" data-id=\"d850a49\" data-element_type=\"widget\" data-e-type=\"widget\" data-settings=\"{&quot;template_id&quot;:&quot;19291&quot;,&quot;row_gap&quot;:{&quot;unit&quot;:&quot;px&quot;,&quot;size&quot;:40,&quot;sizes&quot;:[]},&quot;_skin&quot;:&quot;post&quot;,&quot;columns&quot;:&quot;3&quot;,&quot;columns_tablet&quot;:&quot;2&quot;,&quot;columns_mobile&quot;:&quot;1&quot;,&quot;edit_handle_selector&quot;:&quot;[data-elementor-type=\\&quot;loop-item\\&quot;]&quot;,&quot;row_gap_tablet&quot;:{&quot;unit&quot;:&quot;px&quot;,&quot;size&quot;:&quot;&quot;,&quot;sizes&quot;:[]},&quot;row_gap_mobile&quot;:{&quot;unit&quot;:&quot;px&quot;,&quot;size&quot;:&quot;&quot;,&quot;sizes&quot;:[]}}\" data-widget_type=\"loop-grid.post\">\n\t\t\t\t<div class=\"elementor-widget-container\">\n\t\t\t\t\t\t\t<div class=\"elementor-loop-container elementor-grid\" role=\"list\">\n\t\t<style id=\"loop-19291\">.elementor-19291 .elementor-element.elementor-element-334d3cf3{--display:flex;--min-height:250px;--flex-direction:column;--container-widget-width:calc( ( 1 - var( --container-widget-flex-grow ) ) * 100% );--container-widget-height:initial;--container-widget-flex-grow:0;--container-widget-align-self:initial;--flex-wrap-mobile:wrap;--justify-content:flex-start;--align-items:flex-start;--flex-wrap:wrap;border-style:solid;--border-style:solid;border-width:1px 1px 1px 1px;--border-top-width:1px;--border-right-width:1px;--border-bottom-width:1px;--border-left-width:1px;border-color:var( --e-global-color-text );--border-color:var( --e-global-color-text );--margin-top:0px;--margin-bottom:0px;--margin-left:0px;--margin-right:0px;--padding-top:50px;--padding-bottom:50px;--padding-left:50px;--padding-right:50px;}.elementor-19291 .elementor-element.elementor-element-602083c9 .elementor-heading-title{font-family:var( --e-global-typography-e61947c-font-family ), Sans-serif;font-size:var( --e-global-typography-e61947c-font-size );font-weight:var( --e-global-typography-e61947c-font-weight );text-transform:var( --e-global-typography-e61947c-text-transform );font-style:var( --e-global-typography-e61947c-font-style );text-decoration:var( --e-global-typography-e61947c-text-decoration );line-height:var( --e-global-typography-e61947c-line-height );letter-spacing:var( --e-global-typography-e61947c-letter-spacing );word-spacing:var( --e-global-typography-e61947c-word-spacing );}@media(max-width:1379px){.elementor-19291 .elementor-element.elementor-element-602083c9 .elementor-heading-title{font-size:var( --e-global-typography-e61947c-font-size );line-height:var( --e-global-typography-e61947c-line-height );letter-spacing:var( --e-global-typography-e61947c-letter-spacing );word-spacing:var( --e-global-typography-e61947c-word-spacing );}}@media(max-width:767px){.elementor-19291 .elementor-element.elementor-element-602083c9 .elementor-heading-title{font-size:var( --e-global-typography-e61947c-font-size );line-height:var( --e-global-typography-e61947c-line-height );letter-spacing:var( --e-global-typography-e61947c-letter-spacing );word-spacing:var( --e-global-typography-e61947c-word-spacing );}}\/* Start custom CSS for heading, class: .elementor-element-602083c9 *\/.elementor-19291 .elementor-element.elementor-element-602083c9 .elementor-heading-title {        \n    hyphens: auto;\n}\/* End custom CSS *\/<\/style>\t\t<div data-elementor-type=\"loop-item\" data-elementor-id=\"19291\" class=\"elementor elementor-19291 e-loop-item e-loop-item-19596 post-19596 post type-post status-publish format-standard has-post-thumbnail hentry category-aktuelles category-empfehlungen\" data-elementor-post-type=\"elementor_library\" data-custom-edit-handle=\"1\">\n\t\t\t<div class=\"elementor-element elementor-element-334d3cf3 e-con-full e-flex elementor-invisible e-con e-parent\" data-id=\"334d3cf3\" data-element_type=\"container\" data-e-type=\"container\" data-settings=\"{&quot;animation&quot;:&quot;fadeInUp&quot;}\">\n\t\t\t\t<div class=\"elementor-element elementor-element-602083c9 elementor-widget elementor-widget-heading\" data-id=\"602083c9\" data-element_type=\"widget\" data-e-type=\"widget\" data-settings=\"{&quot;_animation&quot;:&quot;none&quot;,&quot;_animation_delay&quot;:200}\" data-widget_type=\"heading.default\">\n\t\t\t\t\t<h3 class=\"elementor-heading-title elementor-size-default\">Auszeichnungen in der WiWo 2026<\/h3>\t\t\t\t<\/div>\n\t\t\t\t<div class=\"elementor-element elementor-element-184f089f elementor-widget elementor-widget-text-editor\" data-id=\"184f089f\" data-element_type=\"widget\" data-e-type=\"widget\" data-settings=\"{&quot;_animation&quot;:&quot;none&quot;,&quot;_animation_delay&quot;:300}\" data-widget_type=\"text-editor.default\">\n\t\t\t\t\t\t\t\t\tBREYER RECHTSANW\u00c4LTE wurde in der WirtschaftsWoche als TOP Kanzlei 2026 im Privaten Baurecht ausgezeichnet.\r\n\r\nWir gratulieren auch Dr. Breyer, der bei den renommiertesten Anw\u00e4lten f\u00fcr Privates Baurecht gelistet ist zu seiner Auszeichnung als TOP Anwalt.\t\t\t\t\t\t\t\t<\/div>\n\t\t\t\t<div class=\"elementor-element elementor-element-a919524 elementor-widget elementor-widget-button\" data-id=\"a919524\" data-element_type=\"widget\" data-e-type=\"widget\" data-widget_type=\"button.default\">\n\t\t\t\t\t\t\t\t\t\t<a class=\"elementor-button elementor-button-link elementor-size-sm\" href=\"https:\/\/breyer-rechtsanwaelte.de\/en\/auszeichnungen-in-der-wiwo-2026\/\" target=\"_blank\">\n\t\t\t\t\t\t<span class=\"elementor-button-content-wrapper\">\n\t\t\t\t\t\t\t\t\t<span class=\"elementor-button-text\">Mehr lesen<\/span>\n\t\t\t\t\t<\/span>\n\t\t\t\t\t<\/a>\n\t\t\t\t\t\t\t\t<\/div>\n\t\t\t\t<\/div>\n\t\t\t\t<\/div>\n\t\t\t\t<div data-elementor-type=\"loop-item\" data-elementor-id=\"19291\" class=\"elementor elementor-19291 e-loop-item e-loop-item-19563 post-19563 post type-post status-publish format-standard has-post-thumbnail hentry category-aktuelles category-empfehlungen\" data-elementor-post-type=\"elementor_library\" data-custom-edit-handle=\"1\">\n\t\t\t<div class=\"elementor-element elementor-element-334d3cf3 e-con-full e-flex elementor-invisible e-con e-parent\" data-id=\"334d3cf3\" data-element_type=\"container\" data-e-type=\"container\" data-settings=\"{&quot;animation&quot;:&quot;fadeInUp&quot;}\">\n\t\t\t\t<div class=\"elementor-element elementor-element-602083c9 elementor-widget elementor-widget-heading\" data-id=\"602083c9\" data-element_type=\"widget\" data-e-type=\"widget\" data-settings=\"{&quot;_animation&quot;:&quot;none&quot;,&quot;_animation_delay&quot;:200}\" data-widget_type=\"heading.default\">\n\t\t\t\t\t<h3 class=\"elementor-heading-title elementor-size-default\">BREYER ist Legal500 Germany Awards 2026 Winner: Real Estate and Construction Team of the Year<\/h3>\t\t\t\t<\/div>\n\t\t\t\t<div class=\"elementor-element elementor-element-184f089f elementor-widget elementor-widget-text-editor\" data-id=\"184f089f\" data-element_type=\"widget\" data-e-type=\"widget\" data-settings=\"{&quot;_animation&quot;:&quot;none&quot;,&quot;_animation_delay&quot;:300}\" data-widget_type=\"text-editor.default\">\n\t\t\t\t\t\t\t\t\tAuf den Legal500 Germany Awards 2026 gewann Breyer Rechtsanw\u00e4lte als Real Estate and Construction Team of the Year.\r\nWir freuen uns sehr \u00fcber diese Anerkennung unseres Teams!\t\t\t\t\t\t\t\t<\/div>\n\t\t\t\t<div class=\"elementor-element elementor-element-a919524 elementor-widget elementor-widget-button\" data-id=\"a919524\" data-element_type=\"widget\" data-e-type=\"widget\" data-widget_type=\"button.default\">\n\t\t\t\t\t\t\t\t\t\t<a class=\"elementor-button elementor-button-link elementor-size-sm\" href=\"https:\/\/breyer-rechtsanwaelte.de\/en\/breyer-ist-legal500-germany-awards-2026-winner-real-estate-and-construction-team-of-the-year\/\" target=\"_blank\">\n\t\t\t\t\t\t<span class=\"elementor-button-content-wrapper\">\n\t\t\t\t\t\t\t\t\t<span class=\"elementor-button-text\">Mehr lesen<\/span>\n\t\t\t\t\t<\/span>\n\t\t\t\t\t<\/a>\n\t\t\t\t\t\t\t\t<\/div>\n\t\t\t\t<\/div>\n\t\t\t\t<\/div>\n\t\t\t\t<div data-elementor-type=\"loop-item\" data-elementor-id=\"19291\" class=\"elementor elementor-19291 e-loop-item e-loop-item-19532 post-19532 post type-post status-publish format-standard has-post-thumbnail hentry category-aktuelles category-empfehlungen\" data-elementor-post-type=\"elementor_library\" data-custom-edit-handle=\"1\">\n\t\t\t<div class=\"elementor-element elementor-element-334d3cf3 e-con-full e-flex elementor-invisible e-con e-parent\" data-id=\"334d3cf3\" data-element_type=\"container\" data-e-type=\"container\" data-settings=\"{&quot;animation&quot;:&quot;fadeInUp&quot;}\">\n\t\t\t\t<div class=\"elementor-element elementor-element-602083c9 elementor-widget elementor-widget-heading\" data-id=\"602083c9\" data-element_type=\"widget\" data-e-type=\"widget\" data-settings=\"{&quot;_animation&quot;:&quot;none&quot;,&quot;_animation_delay&quot;:200}\" data-widget_type=\"heading.default\">\n\t\t\t\t\t<h3 class=\"elementor-heading-title elementor-size-default\">Legal500 Auszeichnungen 2026<\/h3>\t\t\t\t<\/div>\n\t\t\t\t<div class=\"elementor-element elementor-element-184f089f elementor-widget elementor-widget-text-editor\" data-id=\"184f089f\" data-element_type=\"widget\" data-e-type=\"widget\" data-settings=\"{&quot;_animation&quot;:&quot;none&quot;,&quot;_animation_delay&quot;:300}\" data-widget_type=\"text-editor.default\">\n\t\t\t\t\t\t\t\t\t Im diesj\u00e4hrigen Legal500-Ranking wird BREYER erneut mehrfach ausgezeichnet.\r\n\r\nWir freuen uns sehr \u00fcber die Auszeichnung als Top Tier Kanzlei im Baurecht (einschlie\u00dflich Streitbeilegung), Top Tier Kanzlei im Baurecht (Anlagenbau) sowie als Tier 2 Kanzlei f\u00fcr Projektentwicklung.\r\n\r\nWir gratulieren auch unseren Kollegen herzlich: Dr. Wolfgang Breyer (F\u00fchrender Partner), Dr. Michael Burdinski (F\u00fchrender Partner), Angelika Frohwein (Partner der n\u00e4chsten Generation), Mario Verdugo Morales (empfohlener Anwalt), Dr. Maximilian Regul (empfohlener Anwalt) und Nicolas Kern (empfohlener Anwalt).\r\n\r\nWir freuen uns sehr \u00fcber diese wertsch\u00e4tzende Anerkennung unseres Teams!\t\t\t\t\t\t\t\t<\/div>\n\t\t\t\t<div class=\"elementor-element elementor-element-a919524 elementor-widget elementor-widget-button\" data-id=\"a919524\" data-element_type=\"widget\" data-e-type=\"widget\" data-widget_type=\"button.default\">\n\t\t\t\t\t\t\t\t\t\t<a class=\"elementor-button elementor-button-link elementor-size-sm\" href=\"https:\/\/breyer-rechtsanwaelte.de\/en\/legal500-auszeichnungen-2026\/\" target=\"_blank\">\n\t\t\t\t\t\t<span class=\"elementor-button-content-wrapper\">\n\t\t\t\t\t\t\t\t\t<span class=\"elementor-button-text\">Mehr lesen<\/span>\n\t\t\t\t\t<\/span>\n\t\t\t\t\t<\/a>\n\t\t\t\t\t\t\t\t<\/div>\n\t\t\t\t<\/div>\n\t\t\t\t<\/div>\n\t\t\t\t<div data-elementor-type=\"loop-item\" data-elementor-id=\"19291\" class=\"elementor elementor-19291 e-loop-item e-loop-item-9788 post-9788 post type-post status-publish format-standard has-post-thumbnail hentry category-aktuelles category-empfehlungen\" data-elementor-post-type=\"elementor_library\" data-custom-edit-handle=\"1\">\n\t\t\t<div class=\"elementor-element elementor-element-334d3cf3 e-con-full e-flex elementor-invisible e-con e-parent\" data-id=\"334d3cf3\" data-element_type=\"container\" data-e-type=\"container\" data-settings=\"{&quot;animation&quot;:&quot;fadeInUp&quot;}\">\n\t\t\t\t<div class=\"elementor-element elementor-element-602083c9 elementor-widget elementor-widget-heading\" data-id=\"602083c9\" data-element_type=\"widget\" data-e-type=\"widget\" data-settings=\"{&quot;_animation&quot;:&quot;none&quot;,&quot;_animation_delay&quot;:200}\" data-widget_type=\"heading.default\">\n\t\t\t\t\t<h3 class=\"elementor-heading-title elementor-size-default\">Best Lawyers Auszeichnungen 2025<\/h3>\t\t\t\t<\/div>\n\t\t\t\t<div class=\"elementor-element elementor-element-184f089f elementor-widget elementor-widget-text-editor\" data-id=\"184f089f\" data-element_type=\"widget\" data-e-type=\"widget\" data-settings=\"{&quot;_animation&quot;:&quot;none&quot;,&quot;_animation_delay&quot;:300}\" data-widget_type=\"text-editor.default\">\n\t\t\t\t\t\t\t\t\tZum 14. Mal in Folge wird Herr RA Dr. Breyer in Best Lawyers, sowie Herr RA Klu\u00df erstmals unter &#8222;Ones to Watch&#8220; ausgezeichnet.\t\t\t\t\t\t\t\t<\/div>\n\t\t\t\t<div class=\"elementor-element elementor-element-a919524 elementor-widget elementor-widget-button\" data-id=\"a919524\" data-element_type=\"widget\" data-e-type=\"widget\" data-widget_type=\"button.default\">\n\t\t\t\t\t\t\t\t\t\t<a class=\"elementor-button elementor-button-link elementor-size-sm\" href=\"https:\/\/breyer-rechtsanwaelte.de\/en\/best-lawyers-auszeichnungen-2025\/\" target=\"_blank\">\n\t\t\t\t\t\t<span class=\"elementor-button-content-wrapper\">\n\t\t\t\t\t\t\t\t\t<span class=\"elementor-button-text\">Mehr lesen<\/span>\n\t\t\t\t\t<\/span>\n\t\t\t\t\t<\/a>\n\t\t\t\t\t\t\t\t<\/div>\n\t\t\t\t<\/div>\n\t\t\t\t<\/div>\n\t\t\t\t<div data-elementor-type=\"loop-item\" data-elementor-id=\"19291\" class=\"elementor elementor-19291 e-loop-item e-loop-item-9515 post-9515 post type-post status-publish format-standard has-post-thumbnail hentry category-aktuelles category-empfehlungen\" data-elementor-post-type=\"elementor_library\" data-custom-edit-handle=\"1\">\n\t\t\t<div class=\"elementor-element elementor-element-334d3cf3 e-con-full e-flex elementor-invisible e-con e-parent\" data-id=\"334d3cf3\" data-element_type=\"container\" data-e-type=\"container\" data-settings=\"{&quot;animation&quot;:&quot;fadeInUp&quot;}\">\n\t\t\t\t<div class=\"elementor-element elementor-element-602083c9 elementor-widget elementor-widget-heading\" data-id=\"602083c9\" data-element_type=\"widget\" data-e-type=\"widget\" data-settings=\"{&quot;_animation&quot;:&quot;none&quot;,&quot;_animation_delay&quot;:200}\" data-widget_type=\"heading.default\">\n\t\t\t\t\t<h3 class=\"elementor-heading-title elementor-size-default\">Auszeichnungen bei Legal 500<\/h3>\t\t\t\t<\/div>\n\t\t\t\t<div class=\"elementor-element elementor-element-184f089f elementor-widget elementor-widget-text-editor\" data-id=\"184f089f\" data-element_type=\"widget\" data-e-type=\"widget\" data-settings=\"{&quot;_animation&quot;:&quot;none&quot;,&quot;_animation_delay&quot;:300}\" data-widget_type=\"text-editor.default\">\n\t\t\t\t\t\t\t\t\tErneutes Top Ranking bei Legal 500 \t\t\t\t\t\t\t\t<\/div>\n\t\t\t\t<div class=\"elementor-element elementor-element-a919524 elementor-widget elementor-widget-button\" data-id=\"a919524\" data-element_type=\"widget\" data-e-type=\"widget\" data-widget_type=\"button.default\">\n\t\t\t\t\t\t\t\t\t\t<a class=\"elementor-button elementor-button-link elementor-size-sm\" href=\"https:\/\/breyer-rechtsanwaelte.de\/en\/auszeichnungen-bei-legal-500\/\" target=\"_blank\">\n\t\t\t\t\t\t<span class=\"elementor-button-content-wrapper\">\n\t\t\t\t\t\t\t\t\t<span class=\"elementor-button-text\">Mehr lesen<\/span>\n\t\t\t\t\t<\/span>\n\t\t\t\t\t<\/a>\n\t\t\t\t\t\t\t\t<\/div>\n\t\t\t\t<\/div>\n\t\t\t\t<\/div>\n\t\t\t\t<div data-elementor-type=\"loop-item\" data-elementor-id=\"19291\" class=\"elementor elementor-19291 e-loop-item e-loop-item-9254 post-9254 post type-post status-publish format-standard has-post-thumbnail hentry category-aktuelles category-empfehlungen\" data-elementor-post-type=\"elementor_library\" data-custom-edit-handle=\"1\">\n\t\t\t<div class=\"elementor-element elementor-element-334d3cf3 e-con-full e-flex elementor-invisible e-con e-parent\" data-id=\"334d3cf3\" data-element_type=\"container\" data-e-type=\"container\" data-settings=\"{&quot;animation&quot;:&quot;fadeInUp&quot;}\">\n\t\t\t\t<div class=\"elementor-element elementor-element-602083c9 elementor-widget elementor-widget-heading\" data-id=\"602083c9\" data-element_type=\"widget\" data-e-type=\"widget\" data-settings=\"{&quot;_animation&quot;:&quot;none&quot;,&quot;_animation_delay&quot;:200}\" data-widget_type=\"heading.default\">\n\t\t\t\t\t<h3 class=\"elementor-heading-title elementor-size-default\">Dr. Breyer und Dr. Burdinski erneut unter f\u00fchrenden Partner*innen<\/h3>\t\t\t\t<\/div>\n\t\t\t\t<div class=\"elementor-element elementor-element-184f089f elementor-widget elementor-widget-text-editor\" data-id=\"184f089f\" data-element_type=\"widget\" data-e-type=\"widget\" data-settings=\"{&quot;_animation&quot;:&quot;none&quot;,&quot;_animation_delay&quot;:300}\" data-widget_type=\"text-editor.default\">\n\t\t\t\t\t\t\t\t\tDr. Breyer und Dr. Burdinski werden von Legal 500 in 2024 erneut als 2 unter 9 f\u00fchrenden Partner*innen im privaten Baurecht gef\u00fchrt.\n<br><br>\n<a href=\"https:\/\/www.legal500.de\/c\/deutschland\/immobilien-und-baurecht\/baurecht-einschliesslich-streitbeilegung\/lawyers#leadingPartners\" rel=\"nofollow noopener\" target=\"_blank\">Legal 500 &#8211; 2024<\/a>\t\t\t\t\t\t\t\t<\/div>\n\t\t\t\t<div class=\"elementor-element elementor-element-a919524 elementor-widget elementor-widget-button\" data-id=\"a919524\" data-element_type=\"widget\" data-e-type=\"widget\" data-widget_type=\"button.default\">\n\t\t\t\t\t\t\t\t\t\t<a class=\"elementor-button elementor-button-link elementor-size-sm\" href=\"https:\/\/breyer-rechtsanwaelte.de\/en\/dr-breyer-und-dr-burdinski-erneut-unter-fuehrenden-partnerinnen\/\" target=\"_blank\">\n\t\t\t\t\t\t<span class=\"elementor-button-content-wrapper\">\n\t\t\t\t\t\t\t\t\t<span class=\"elementor-button-text\">Mehr lesen<\/span>\n\t\t\t\t\t<\/span>\n\t\t\t\t\t<\/a>\n\t\t\t\t\t\t\t\t<\/div>\n\t\t\t\t<\/div>\n\t\t\t\t<\/div>\n\t\t\t\t<div data-elementor-type=\"loop-item\" data-elementor-id=\"19291\" class=\"elementor elementor-19291 e-loop-item e-loop-item-9216 post-9216 post type-post status-publish format-standard hentry category-empfehlungen\" data-elementor-post-type=\"elementor_library\" data-custom-edit-handle=\"1\">\n\t\t\t<div class=\"elementor-element elementor-element-334d3cf3 e-con-full e-flex elementor-invisible e-con e-parent\" data-id=\"334d3cf3\" data-element_type=\"container\" data-e-type=\"container\" data-settings=\"{&quot;animation&quot;:&quot;fadeInUp&quot;}\">\n\t\t\t\t<div class=\"elementor-element elementor-element-602083c9 elementor-widget elementor-widget-heading\" data-id=\"602083c9\" data-element_type=\"widget\" data-e-type=\"widget\" data-settings=\"{&quot;_animation&quot;:&quot;none&quot;,&quot;_animation_delay&quot;:200}\" data-widget_type=\"heading.default\">\n\t\t\t\t\t<h3 class=\"elementor-heading-title elementor-size-default\">Legal 500-Forschungsteam zu Breyer Rechtsanw\u00e4lte<\/h3>\t\t\t\t<\/div>\n\t\t\t\t<div class=\"elementor-element elementor-element-184f089f elementor-widget elementor-widget-text-editor\" data-id=\"184f089f\" data-element_type=\"widget\" data-e-type=\"widget\" data-settings=\"{&quot;_animation&quot;:&quot;none&quot;,&quot;_animation_delay&quot;:300}\" data-widget_type=\"text-editor.default\">\n\t\t\t\t\t\t\t\t\t\u201eDie Mandate werden von Breyer Rechtsanw\u00e4lte sehr professionell betreut. Fachlich auf sehr hohem Niveau, zuverl\u00e4ssig und in Notf\u00e4llen ein \u00fcberdurchschnittliches Engagement.&#8220;\t\t\t\t\t\t\t\t<\/div>\n\t\t\t\t<div class=\"elementor-element elementor-element-a919524 elementor-widget elementor-widget-button\" data-id=\"a919524\" data-element_type=\"widget\" data-e-type=\"widget\" data-widget_type=\"button.default\">\n\t\t\t\t\t\t\t\t\t\t<a class=\"elementor-button elementor-button-link elementor-size-sm\" href=\"https:\/\/breyer-rechtsanwaelte.de\/en\/legal-500-forschungsteam-zu-breyer-rechtsanwaelte\/\" target=\"_blank\">\n\t\t\t\t\t\t<span class=\"elementor-button-content-wrapper\">\n\t\t\t\t\t\t\t\t\t<span class=\"elementor-button-text\">Mehr lesen<\/span>\n\t\t\t\t\t<\/span>\n\t\t\t\t\t<\/a>\n\t\t\t\t\t\t\t\t<\/div>\n\t\t\t\t<\/div>\n\t\t\t\t<\/div>\n\t\t\t\t<div data-elementor-type=\"loop-item\" data-elementor-id=\"19291\" class=\"elementor elementor-19291 e-loop-item e-loop-item-2234 post-2234 post type-post status-publish format-standard has-post-thumbnail hentry category-aktuelles category-empfehlungen\" data-elementor-post-type=\"elementor_library\" data-custom-edit-handle=\"1\">\n\t\t\t<div class=\"elementor-element elementor-element-334d3cf3 e-con-full e-flex elementor-invisible e-con e-parent\" data-id=\"334d3cf3\" data-element_type=\"container\" data-e-type=\"container\" data-settings=\"{&quot;animation&quot;:&quot;fadeInUp&quot;}\">\n\t\t\t\t<div class=\"elementor-element elementor-element-602083c9 elementor-widget elementor-widget-heading\" data-id=\"602083c9\" data-element_type=\"widget\" data-e-type=\"widget\" data-settings=\"{&quot;_animation&quot;:&quot;none&quot;,&quot;_animation_delay&quot;:200}\" data-widget_type=\"heading.default\">\n\t\t\t\t\t<h3 class=\"elementor-heading-title elementor-size-default\">13. Auszeichnung f\u00fcr Herrn Dr. Breyer in Best Lawyers<\/h3>\t\t\t\t<\/div>\n\t\t\t\t<div class=\"elementor-element elementor-element-184f089f elementor-widget elementor-widget-text-editor\" data-id=\"184f089f\" data-element_type=\"widget\" data-e-type=\"widget\" data-settings=\"{&quot;_animation&quot;:&quot;none&quot;,&quot;_animation_delay&quot;:300}\" data-widget_type=\"text-editor.default\">\n\t\t\t\t\t\t\t\t\tBereits seit 2013 wird Herr RA Dr. Breyer j\u00e4hrlich in Best Lawyers ausgezeichnet. Wir gratulieren zum 13. Award in Folge. \t\t\t\t\t\t\t\t<\/div>\n\t\t\t\t<div class=\"elementor-element elementor-element-a919524 elementor-widget elementor-widget-button\" data-id=\"a919524\" data-element_type=\"widget\" data-e-type=\"widget\" data-widget_type=\"button.default\">\n\t\t\t\t\t\t\t\t\t\t<a class=\"elementor-button elementor-button-link elementor-size-sm\" href=\"https:\/\/breyer-rechtsanwaelte.de\/en\/13-auszeichnung-fuer-herrn-dr-breyer-in-best-lawyers\/\" target=\"_blank\">\n\t\t\t\t\t\t<span class=\"elementor-button-content-wrapper\">\n\t\t\t\t\t\t\t\t\t<span class=\"elementor-button-text\">Mehr lesen<\/span>\n\t\t\t\t\t<\/span>\n\t\t\t\t\t<\/a>\n\t\t\t\t\t\t\t\t<\/div>\n\t\t\t\t<\/div>\n\t\t\t\t<\/div>\n\t\t\t\t<div data-elementor-type=\"loop-item\" data-elementor-id=\"19291\" class=\"elementor elementor-19291 e-loop-item e-loop-item-2313 post-2313 post type-post status-publish format-standard has-post-thumbnail hentry category-aktuelles category-empfehlungen\" data-elementor-post-type=\"elementor_library\" data-custom-edit-handle=\"1\">\n\t\t\t<div class=\"elementor-element elementor-element-334d3cf3 e-con-full e-flex elementor-invisible e-con e-parent\" data-id=\"334d3cf3\" data-element_type=\"container\" data-e-type=\"container\" data-settings=\"{&quot;animation&quot;:&quot;fadeInUp&quot;}\">\n\t\t\t\t<div class=\"elementor-element elementor-element-602083c9 elementor-widget elementor-widget-heading\" data-id=\"602083c9\" data-element_type=\"widget\" data-e-type=\"widget\" data-settings=\"{&quot;_animation&quot;:&quot;none&quot;,&quot;_animation_delay&quot;:200}\" data-widget_type=\"heading.default\">\n\t\t\t\t\t<h3 class=\"elementor-heading-title elementor-size-default\">The Legal 500 Ranking &#8211; TOP TIER im Baurecht und Anlagenbau<\/h3>\t\t\t\t<\/div>\n\t\t\t\t<div class=\"elementor-element elementor-element-184f089f elementor-widget elementor-widget-text-editor\" data-id=\"184f089f\" data-element_type=\"widget\" data-e-type=\"widget\" data-settings=\"{&quot;_animation&quot;:&quot;none&quot;,&quot;_animation_delay&quot;:300}\" data-widget_type=\"text-editor.default\">\n\t\t\t\t\t\t\t\t\tIm neuen Ranking von The Legal 500 (Legalease) Deutschland wird BREYER RECHTSANW\u00c4LTE erneut unter den Top Tier Kanzleien im Baurecht (einschlie\u00dflich Streitbeilegung) sowie im Anlagenbau gef\u00fchrt.\t\t\t\t\t\t\t\t<\/div>\n\t\t\t\t<div class=\"elementor-element elementor-element-a919524 elementor-widget elementor-widget-button\" data-id=\"a919524\" data-element_type=\"widget\" data-e-type=\"widget\" data-widget_type=\"button.default\">\n\t\t\t\t\t\t\t\t\t\t<a class=\"elementor-button elementor-button-link elementor-size-sm\" href=\"https:\/\/breyer-rechtsanwaelte.de\/en\/the-legal-500-ranking-top-tier-im-baurecht-und-anlagenbau\/\" target=\"_blank\">\n\t\t\t\t\t\t<span class=\"elementor-button-content-wrapper\">\n\t\t\t\t\t\t\t\t\t<span class=\"elementor-button-text\">Mehr lesen<\/span>\n\t\t\t\t\t<\/span>\n\t\t\t\t\t<\/a>\n\t\t\t\t\t\t\t\t<\/div>\n\t\t\t\t<\/div>\n\t\t\t\t<\/div>\n\t\t\t\t<div data-elementor-type=\"loop-item\" data-elementor-id=\"19291\" class=\"elementor elementor-19291 e-loop-item e-loop-item-2301 post-2301 post type-post status-publish format-standard has-post-thumbnail hentry category-aktuelles category-empfehlungen\" data-elementor-post-type=\"elementor_library\" data-custom-edit-handle=\"1\">\n\t\t\t<div class=\"elementor-element elementor-element-334d3cf3 e-con-full e-flex elementor-invisible e-con e-parent\" data-id=\"334d3cf3\" data-element_type=\"container\" data-e-type=\"container\" data-settings=\"{&quot;animation&quot;:&quot;fadeInUp&quot;}\">\n\t\t\t\t<div class=\"elementor-element elementor-element-602083c9 elementor-widget elementor-widget-heading\" data-id=\"602083c9\" data-element_type=\"widget\" data-e-type=\"widget\" data-settings=\"{&quot;_animation&quot;:&quot;none&quot;,&quot;_animation_delay&quot;:200}\" data-widget_type=\"heading.default\">\n\t\t\t\t\t<h3 class=\"elementor-heading-title elementor-size-default\">WirtschaftsWoche Ranking Top-Kanzleien 2024<\/h3>\t\t\t\t<\/div>\n\t\t\t\t<div class=\"elementor-element elementor-element-184f089f elementor-widget elementor-widget-text-editor\" data-id=\"184f089f\" data-element_type=\"widget\" data-e-type=\"widget\" data-settings=\"{&quot;_animation&quot;:&quot;none&quot;,&quot;_animation_delay&quot;:300}\" data-widget_type=\"text-editor.default\">\n\t\t\t\t\t\t\t\t\tDie WirtschaftsWoche hat BREYER RECHTSANW\u00c4LTE in ihrer aktuellen Ausgabe als Top Kanzlei 2024 im Bereich Privates Baurecht ausgezeichnet.\t\t\t\t\t\t\t\t<\/div>\n\t\t\t\t<div class=\"elementor-element elementor-element-a919524 elementor-widget elementor-widget-button\" data-id=\"a919524\" data-element_type=\"widget\" data-e-type=\"widget\" data-widget_type=\"button.default\">\n\t\t\t\t\t\t\t\t\t\t<a class=\"elementor-button elementor-button-link elementor-size-sm\" href=\"https:\/\/breyer-rechtsanwaelte.de\/en\/wirtschaftswoche-ranking-top-kanzleien-2024\/\" target=\"_blank\">\n\t\t\t\t\t\t<span class=\"elementor-button-content-wrapper\">\n\t\t\t\t\t\t\t\t\t<span class=\"elementor-button-text\">Mehr lesen<\/span>\n\t\t\t\t\t<\/span>\n\t\t\t\t\t<\/a>\n\t\t\t\t\t\t\t\t<\/div>\n\t\t\t\t<\/div>\n\t\t\t\t<\/div>\n\t\t\t\t<div data-elementor-type=\"loop-item\" data-elementor-id=\"19291\" class=\"elementor elementor-19291 e-loop-item e-loop-item-2391 post-2391 post type-post status-publish format-standard has-post-thumbnail hentry category-aktuelles category-empfehlungen\" data-elementor-post-type=\"elementor_library\" data-custom-edit-handle=\"1\">\n\t\t\t<div class=\"elementor-element elementor-element-334d3cf3 e-con-full e-flex elementor-invisible e-con e-parent\" data-id=\"334d3cf3\" data-element_type=\"container\" data-e-type=\"container\" data-settings=\"{&quot;animation&quot;:&quot;fadeInUp&quot;}\">\n\t\t\t\t<div class=\"elementor-element elementor-element-602083c9 elementor-widget elementor-widget-heading\" data-id=\"602083c9\" data-element_type=\"widget\" data-e-type=\"widget\" data-settings=\"{&quot;_animation&quot;:&quot;none&quot;,&quot;_animation_delay&quot;:200}\" data-widget_type=\"heading.default\">\n\t\t\t\t\t<h3 class=\"elementor-heading-title elementor-size-default\">Dr. Breyer z\u00e4hlt zu den empfohlenen Rechtsanw\u00e4lten<\/h3>\t\t\t\t<\/div>\n\t\t\t\t<div class=\"elementor-element elementor-element-184f089f elementor-widget elementor-widget-text-editor\" data-id=\"184f089f\" data-element_type=\"widget\" data-e-type=\"widget\" data-settings=\"{&quot;_animation&quot;:&quot;none&quot;,&quot;_animation_delay&quot;:300}\" data-widget_type=\"text-editor.default\">\n\t\t\t\t\t\t\t\t\tDie Who&#8217;s Who Legal hat Herrn Dr. Breyer als einen der f\u00fchrenden Rechtsanw\u00e4lte im Baurecht gelistet.\t\t\t\t\t\t\t\t<\/div>\n\t\t\t\t<div class=\"elementor-element elementor-element-a919524 elementor-widget elementor-widget-button\" data-id=\"a919524\" data-element_type=\"widget\" data-e-type=\"widget\" data-widget_type=\"button.default\">\n\t\t\t\t\t\t\t\t\t\t<a class=\"elementor-button elementor-button-link elementor-size-sm\" href=\"https:\/\/breyer-rechtsanwaelte.de\/en\/dr-breyer-zaehlt-zu-den-empfohlenen-rechtsanwaelten\/\" target=\"_blank\">\n\t\t\t\t\t\t<span class=\"elementor-button-content-wrapper\">\n\t\t\t\t\t\t\t\t\t<span class=\"elementor-button-text\">Mehr lesen<\/span>\n\t\t\t\t\t<\/span>\n\t\t\t\t\t<\/a>\n\t\t\t\t\t\t\t\t<\/div>\n\t\t\t\t<\/div>\n\t\t\t\t<\/div>\n\t\t\t\t<div data-elementor-type=\"loop-item\" data-elementor-id=\"19291\" class=\"elementor elementor-19291 e-loop-item e-loop-item-2414 post-2414 post type-post status-publish format-standard has-post-thumbnail hentry category-aktuelles category-empfehlungen\" data-elementor-post-type=\"elementor_library\" data-custom-edit-handle=\"1\">\n\t\t\t<div class=\"elementor-element elementor-element-334d3cf3 e-con-full e-flex elementor-invisible e-con e-parent\" data-id=\"334d3cf3\" data-element_type=\"container\" data-e-type=\"container\" data-settings=\"{&quot;animation&quot;:&quot;fadeInUp&quot;}\">\n\t\t\t\t<div class=\"elementor-element elementor-element-602083c9 elementor-widget elementor-widget-heading\" data-id=\"602083c9\" data-element_type=\"widget\" data-e-type=\"widget\" data-settings=\"{&quot;_animation&quot;:&quot;none&quot;,&quot;_animation_delay&quot;:200}\" data-widget_type=\"heading.default\">\n\t\t\t\t\t<h3 class=\"elementor-heading-title elementor-size-default\">Zwei Nominierungen f\u00fcr die Legal 500 Germany Awards 2024<\/h3>\t\t\t\t<\/div>\n\t\t\t\t<div class=\"elementor-element elementor-element-184f089f elementor-widget elementor-widget-text-editor\" data-id=\"184f089f\" data-element_type=\"widget\" data-e-type=\"widget\" data-settings=\"{&quot;_animation&quot;:&quot;none&quot;,&quot;_animation_delay&quot;:300}\" data-widget_type=\"text-editor.default\">\n\t\t\t\t\t\t\t\t\tBreyer Rechtsanw\u00e4lte PartmbB ist bei den Legal 500 Germany Awards f\u00fcr folgende Bereiche nominiert:\n\n&#8211; Immobilien &amp; Bauwesen: Team des Jahres\n&#8211; Immobilien &amp; Bauwesen: Jurist des Jahres: Dr. Wolfgang Breyer\t\t\t\t\t\t\t\t<\/div>\n\t\t\t\t<div class=\"elementor-element elementor-element-a919524 elementor-widget elementor-widget-button\" data-id=\"a919524\" data-element_type=\"widget\" data-e-type=\"widget\" data-widget_type=\"button.default\">\n\t\t\t\t\t\t\t\t\t\t<a class=\"elementor-button elementor-button-link elementor-size-sm\" href=\"https:\/\/breyer-rechtsanwaelte.de\/en\/zwei-nominierungen-fuer-die-legal-500-germany-awards-2024\/\" target=\"_blank\">\n\t\t\t\t\t\t<span class=\"elementor-button-content-wrapper\">\n\t\t\t\t\t\t\t\t\t<span class=\"elementor-button-text\">Mehr lesen<\/span>\n\t\t\t\t\t<\/span>\n\t\t\t\t\t<\/a>\n\t\t\t\t\t\t\t\t<\/div>\n\t\t\t\t<\/div>\n\t\t\t\t<\/div>\n\t\t\t\t<div data-elementor-type=\"loop-item\" data-elementor-id=\"19291\" class=\"elementor elementor-19291 e-loop-item e-loop-item-2474 post-2474 post type-post status-publish format-standard has-post-thumbnail hentry category-aktuelles category-empfehlungen\" data-elementor-post-type=\"elementor_library\" data-custom-edit-handle=\"1\">\n\t\t\t<div class=\"elementor-element elementor-element-334d3cf3 e-con-full e-flex elementor-invisible e-con e-parent\" data-id=\"334d3cf3\" data-element_type=\"container\" data-e-type=\"container\" data-settings=\"{&quot;animation&quot;:&quot;fadeInUp&quot;}\">\n\t\t\t\t<div class=\"elementor-element elementor-element-602083c9 elementor-widget elementor-widget-heading\" data-id=\"602083c9\" data-element_type=\"widget\" data-e-type=\"widget\" data-settings=\"{&quot;_animation&quot;:&quot;none&quot;,&quot;_animation_delay&quot;:200}\" data-widget_type=\"heading.default\">\n\t\t\t\t\t<h3 class=\"elementor-heading-title elementor-size-default\">FOCUS-SPEZIAL: Breyer Rechtsanw\u00e4lte erneut \u201eDeutschlands Top-Anw\u00e4lte\u201c im Baurecht<\/h3>\t\t\t\t<\/div>\n\t\t\t\t<div class=\"elementor-element elementor-element-184f089f elementor-widget elementor-widget-text-editor\" data-id=\"184f089f\" data-element_type=\"widget\" data-e-type=\"widget\" data-settings=\"{&quot;_animation&quot;:&quot;none&quot;,&quot;_animation_delay&quot;:300}\" data-widget_type=\"text-editor.default\">\n\t\t\t\t\t\t\t\t\tNach der aktuellen Erhebung von FOCUS-SPEZIAL \u201cDeutschlands Top-Anw\u00e4lte\u201d im September 2023 z\u00e4hlt Breyer Rechtsanw\u00e4lte erneut im Fachbereich \u201cBaurecht\u201d zu Deutschlands Top-Wirtschaftskanzleien. Die Kanzlei freut sich \u00fcber die weitere Auszeichnung und dankt Ihnen f\u00fcr das Vertrauen und Ihre Empfehlungen.\t\t\t\t\t\t\t\t<\/div>\n\t\t\t\t<div class=\"elementor-element elementor-element-a919524 elementor-widget elementor-widget-button\" data-id=\"a919524\" data-element_type=\"widget\" data-e-type=\"widget\" data-widget_type=\"button.default\">\n\t\t\t\t\t\t\t\t\t\t<a class=\"elementor-button elementor-button-link elementor-size-sm\" href=\"https:\/\/breyer-rechtsanwaelte.de\/en\/focus-spezial-breyer-rechtsanwaelte-erneut-deutschlands-top-anwaelte-im-baurecht-3\/\" target=\"_blank\">\n\t\t\t\t\t\t<span class=\"elementor-button-content-wrapper\">\n\t\t\t\t\t\t\t\t\t<span class=\"elementor-button-text\">Mehr lesen<\/span>\n\t\t\t\t\t<\/span>\n\t\t\t\t\t<\/a>\n\t\t\t\t\t\t\t\t<\/div>\n\t\t\t\t<\/div>\n\t\t\t\t<\/div>\n\t\t\t\t<div data-elementor-type=\"loop-item\" data-elementor-id=\"19291\" class=\"elementor elementor-19291 e-loop-item e-loop-item-2513 post-2513 post type-post status-publish format-standard has-post-thumbnail hentry category-aktuelles category-empfehlungen\" data-elementor-post-type=\"elementor_library\" data-custom-edit-handle=\"1\">\n\t\t\t<div class=\"elementor-element elementor-element-334d3cf3 e-con-full e-flex elementor-invisible e-con e-parent\" data-id=\"334d3cf3\" data-element_type=\"container\" data-e-type=\"container\" data-settings=\"{&quot;animation&quot;:&quot;fadeInUp&quot;}\">\n\t\t\t\t<div class=\"elementor-element elementor-element-602083c9 elementor-widget elementor-widget-heading\" data-id=\"602083c9\" data-element_type=\"widget\" data-e-type=\"widget\" data-settings=\"{&quot;_animation&quot;:&quot;none&quot;,&quot;_animation_delay&quot;:200}\" data-widget_type=\"heading.default\">\n\t\t\t\t\t<h3 class=\"elementor-heading-title elementor-size-default\">Breyer Rechtsanw\u00e4lte als Arbeitgeber der Zukunft ausgezeichnet<\/h3>\t\t\t\t<\/div>\n\t\t\t\t<div class=\"elementor-element elementor-element-184f089f elementor-widget elementor-widget-text-editor\" data-id=\"184f089f\" data-element_type=\"widget\" data-e-type=\"widget\" data-settings=\"{&quot;_animation&quot;:&quot;none&quot;,&quot;_animation_delay&quot;:300}\" data-widget_type=\"text-editor.default\">\n\t\t\t\t\t\t\t\t\tDas Deutsche Innovationsinstitut f\u00fcr Nachhaltigkeit und Digitalisierung hat Breyer Rechtsanw\u00e4lte PartmbB als Arbeitgeber der Zukunft ausgezeichnet.\t\t\t\t\t\t\t\t<\/div>\n\t\t\t\t<div class=\"elementor-element elementor-element-a919524 elementor-widget elementor-widget-button\" data-id=\"a919524\" data-element_type=\"widget\" data-e-type=\"widget\" data-widget_type=\"button.default\">\n\t\t\t\t\t\t\t\t\t\t<a class=\"elementor-button elementor-button-link elementor-size-sm\" href=\"https:\/\/breyer-rechtsanwaelte.de\/en\/breyer-rechtsanwaelte-als-arbeitgeber-der-zukunft-ausgezeichnet\/\" target=\"_blank\">\n\t\t\t\t\t\t<span class=\"elementor-button-content-wrapper\">\n\t\t\t\t\t\t\t\t\t<span class=\"elementor-button-text\">Mehr lesen<\/span>\n\t\t\t\t\t<\/span>\n\t\t\t\t\t<\/a>\n\t\t\t\t\t\t\t\t<\/div>\n\t\t\t\t<\/div>\n\t\t\t\t<\/div>\n\t\t\t\t<div data-elementor-type=\"loop-item\" data-elementor-id=\"19291\" class=\"elementor elementor-19291 e-loop-item e-loop-item-3177 post-3177 post type-post status-publish format-standard has-post-thumbnail hentry category-aktuelles category-empfehlungen\" data-elementor-post-type=\"elementor_library\" data-custom-edit-handle=\"1\">\n\t\t\t<div class=\"elementor-element elementor-element-334d3cf3 e-con-full e-flex elementor-invisible e-con e-parent\" data-id=\"334d3cf3\" data-element_type=\"container\" data-e-type=\"container\" data-settings=\"{&quot;animation&quot;:&quot;fadeInUp&quot;}\">\n\t\t\t\t<div class=\"elementor-element elementor-element-602083c9 elementor-widget elementor-widget-heading\" data-id=\"602083c9\" data-element_type=\"widget\" data-e-type=\"widget\" data-settings=\"{&quot;_animation&quot;:&quot;none&quot;,&quot;_animation_delay&quot;:200}\" data-widget_type=\"heading.default\">\n\t\t\t\t\t<h3 class=\"elementor-heading-title elementor-size-default\">Breyer Rechtsanw\u00e4lte von The Legal 500 ausgezeichnet<\/h3>\t\t\t\t<\/div>\n\t\t\t\t<div class=\"elementor-element elementor-element-184f089f elementor-widget elementor-widget-text-editor\" data-id=\"184f089f\" data-element_type=\"widget\" data-e-type=\"widget\" data-settings=\"{&quot;_animation&quot;:&quot;none&quot;,&quot;_animation_delay&quot;:300}\" data-widget_type=\"text-editor.default\">\n\t\t\t\t\t\t\t\t\tBREYER RECHTSANW\u00c4LTE wird in der aktuellen Ausgabe von The Legal 500 Deutschland (2023) als TOP KANZLEI f\u00fcr das Baurecht (einschlie\u00dflich Streitbeilegung) empfohlen.\t\t\t\t\t\t\t\t<\/div>\n\t\t\t\t<div class=\"elementor-element elementor-element-a919524 elementor-widget elementor-widget-button\" data-id=\"a919524\" data-element_type=\"widget\" data-e-type=\"widget\" data-widget_type=\"button.default\">\n\t\t\t\t\t\t\t\t\t\t<a class=\"elementor-button elementor-button-link elementor-size-sm\" href=\"https:\/\/breyer-rechtsanwaelte.de\/en\/breyer-rechtsanwaelte-von-the-legal-500-ausgezeichnet\/\" target=\"_blank\">\n\t\t\t\t\t\t<span class=\"elementor-button-content-wrapper\">\n\t\t\t\t\t\t\t\t\t<span class=\"elementor-button-text\">Mehr lesen<\/span>\n\t\t\t\t\t<\/span>\n\t\t\t\t\t<\/a>\n\t\t\t\t\t\t\t\t<\/div>\n\t\t\t\t<\/div>\n\t\t\t\t<\/div>\n\t\t\t\t<div data-elementor-type=\"loop-item\" data-elementor-id=\"19291\" class=\"elementor elementor-19291 e-loop-item e-loop-item-3201 post-3201 post type-post status-publish format-standard has-post-thumbnail hentry category-aktuelles category-empfehlungen\" data-elementor-post-type=\"elementor_library\" data-custom-edit-handle=\"1\">\n\t\t\t<div class=\"elementor-element elementor-element-334d3cf3 e-con-full e-flex elementor-invisible e-con e-parent\" data-id=\"334d3cf3\" data-element_type=\"container\" data-e-type=\"container\" data-settings=\"{&quot;animation&quot;:&quot;fadeInUp&quot;}\">\n\t\t\t\t<div class=\"elementor-element elementor-element-602083c9 elementor-widget elementor-widget-heading\" data-id=\"602083c9\" data-element_type=\"widget\" data-e-type=\"widget\" data-settings=\"{&quot;_animation&quot;:&quot;none&quot;,&quot;_animation_delay&quot;:200}\" data-widget_type=\"heading.default\">\n\t\t\t\t\t<h3 class=\"elementor-heading-title elementor-size-default\">Kanzlei sowie Dr. Breyer von der WirschaftsWoche ausgezeichnet<\/h3>\t\t\t\t<\/div>\n\t\t\t\t<div class=\"elementor-element elementor-element-184f089f elementor-widget elementor-widget-text-editor\" data-id=\"184f089f\" data-element_type=\"widget\" data-e-type=\"widget\" data-settings=\"{&quot;_animation&quot;:&quot;none&quot;,&quot;_animation_delay&quot;:300}\" data-widget_type=\"text-editor.default\">\n\t\t\t\t\t\t\t\t\tHerr Dr. jur. Wolfgang Breyer wurde von der WirtschaftsWoche als &#8222;TOP Anwalt 2023&#8220; ausgezeichnet.\nEbenso erhielt die Kanzlei Breyer Rechtsanw\u00e4lte die Auszeichnung &#8222;TOP Kanzlei 2023&#8220; im Rechtsgebiet &#8222;Privates Baurecht&#8220;. \t\t\t\t\t\t\t\t<\/div>\n\t\t\t\t<div class=\"elementor-element elementor-element-a919524 elementor-widget elementor-widget-button\" data-id=\"a919524\" data-element_type=\"widget\" data-e-type=\"widget\" data-widget_type=\"button.default\">\n\t\t\t\t\t\t\t\t\t\t<a class=\"elementor-button elementor-button-link elementor-size-sm\" href=\"https:\/\/breyer-rechtsanwaelte.de\/en\/kanzlei-sowie-dr-breyer-von-der-wirschaftswoche-ausgezeichnet\/\" target=\"_blank\">\n\t\t\t\t\t\t<span class=\"elementor-button-content-wrapper\">\n\t\t\t\t\t\t\t\t\t<span class=\"elementor-button-text\">Mehr lesen<\/span>\n\t\t\t\t\t<\/span>\n\t\t\t\t\t<\/a>\n\t\t\t\t\t\t\t\t<\/div>\n\t\t\t\t<\/div>\n\t\t\t\t<\/div>\n\t\t\t\t<div data-elementor-type=\"loop-item\" data-elementor-id=\"19291\" class=\"elementor elementor-19291 e-loop-item e-loop-item-3210 post-3210 post type-post status-publish format-standard has-post-thumbnail hentry category-aktuelles category-empfehlungen\" data-elementor-post-type=\"elementor_library\" data-custom-edit-handle=\"1\">\n\t\t\t<div class=\"elementor-element elementor-element-334d3cf3 e-con-full e-flex elementor-invisible e-con e-parent\" data-id=\"334d3cf3\" data-element_type=\"container\" data-e-type=\"container\" data-settings=\"{&quot;animation&quot;:&quot;fadeInUp&quot;}\">\n\t\t\t\t<div class=\"elementor-element elementor-element-602083c9 elementor-widget elementor-widget-heading\" data-id=\"602083c9\" data-element_type=\"widget\" data-e-type=\"widget\" data-settings=\"{&quot;_animation&quot;:&quot;none&quot;,&quot;_animation_delay&quot;:200}\" data-widget_type=\"heading.default\">\n\t\t\t\t\t<h3 class=\"elementor-heading-title elementor-size-default\">FOCUS-SPEZIAL: Breyer Rechtsanw\u00e4lte erneut \u201eDeutschlands Top-Anw\u00e4lte\u201c im Baurecht<\/h3>\t\t\t\t<\/div>\n\t\t\t\t<div class=\"elementor-element elementor-element-184f089f elementor-widget elementor-widget-text-editor\" data-id=\"184f089f\" data-element_type=\"widget\" data-e-type=\"widget\" data-settings=\"{&quot;_animation&quot;:&quot;none&quot;,&quot;_animation_delay&quot;:300}\" data-widget_type=\"text-editor.default\">\n\t\t\t\t\t\t\t\t\tNach der aktuellen Erhebung von FOCUS-SPEZIAL \u201cDeutschlands Top-Anw\u00e4lte\u201d 2022 z\u00e4hlt Breyer Rechtsanw\u00e4lte erneut im Fachbereich \u201cBaurecht\u201d zu Deutschlands Top-Wirtschaftskanzleien. Die Kanzlei freut sich \u00fcber die weitere Auszeichnung und dankt Ihnen f\u00fcr das Vertrauen und Ihre Empfehlungen.\t\t\t\t\t\t\t\t<\/div>\n\t\t\t\t<div class=\"elementor-element elementor-element-a919524 elementor-widget elementor-widget-button\" data-id=\"a919524\" data-element_type=\"widget\" data-e-type=\"widget\" data-widget_type=\"button.default\">\n\t\t\t\t\t\t\t\t\t\t<a class=\"elementor-button elementor-button-link elementor-size-sm\" href=\"https:\/\/breyer-rechtsanwaelte.de\/en\/focus-spezial-breyer-rechtsanwaelte-erneut-deutschlands-top-anwaelte-im-baurecht-4\/\" target=\"_blank\">\n\t\t\t\t\t\t<span class=\"elementor-button-content-wrapper\">\n\t\t\t\t\t\t\t\t\t<span class=\"elementor-button-text\">Mehr lesen<\/span>\n\t\t\t\t\t<\/span>\n\t\t\t\t\t<\/a>\n\t\t\t\t\t\t\t\t<\/div>\n\t\t\t\t<\/div>\n\t\t\t\t<\/div>\n\t\t\t\t<div data-elementor-type=\"loop-item\" data-elementor-id=\"19291\" class=\"elementor elementor-19291 e-loop-item e-loop-item-3363 post-3363 post type-post status-publish format-standard has-post-thumbnail hentry category-aktuelles category-empfehlungen\" data-elementor-post-type=\"elementor_library\" data-custom-edit-handle=\"1\">\n\t\t\t<div class=\"elementor-element elementor-element-334d3cf3 e-con-full e-flex elementor-invisible e-con e-parent\" data-id=\"334d3cf3\" data-element_type=\"container\" data-e-type=\"container\" data-settings=\"{&quot;animation&quot;:&quot;fadeInUp&quot;}\">\n\t\t\t\t<div class=\"elementor-element elementor-element-602083c9 elementor-widget elementor-widget-heading\" data-id=\"602083c9\" data-element_type=\"widget\" data-e-type=\"widget\" data-settings=\"{&quot;_animation&quot;:&quot;none&quot;,&quot;_animation_delay&quot;:200}\" data-widget_type=\"heading.default\">\n\t\t\t\t\t<h3 class=\"elementor-heading-title elementor-size-default\">FOCUS-SPEZIAL: Breyer Rechtsanw\u00e4lte erneut \u201eDeutschlands Top-Anw\u00e4lte\u201c im Baurecht<\/h3>\t\t\t\t<\/div>\n\t\t\t\t<div class=\"elementor-element elementor-element-184f089f elementor-widget elementor-widget-text-editor\" data-id=\"184f089f\" data-element_type=\"widget\" data-e-type=\"widget\" data-settings=\"{&quot;_animation&quot;:&quot;none&quot;,&quot;_animation_delay&quot;:300}\" data-widget_type=\"text-editor.default\">\n\t\t\t\t\t\t\t\t\tNach der aktuellen Erhebung von FOCUS-SPEZIAL \u201cDeutschlands Top-Anw\u00e4lte\u201d im Juni 2021 z\u00e4hlt Breyer Rechtsanw\u00e4lte erneut im Fachbereich \u201cBaurecht\u201d zu Deutschlands Top-Wirtschaftskanzleien. Die Kanzlei freut sich \u00fcber die weitere Auszeichnung und dankt Ihnen f\u00fcr das Vertrauen und Ihre Empfehlungen.\t\t\t\t\t\t\t\t<\/div>\n\t\t\t\t<div class=\"elementor-element elementor-element-a919524 elementor-widget elementor-widget-button\" data-id=\"a919524\" data-element_type=\"widget\" data-e-type=\"widget\" data-widget_type=\"button.default\">\n\t\t\t\t\t\t\t\t\t\t<a class=\"elementor-button elementor-button-link elementor-size-sm\" href=\"https:\/\/breyer-rechtsanwaelte.de\/en\/focus-spezial-breyer-rechtsanwaelte-erneut-deutschlands-top-anwaelte-im-baurecht-2\/\" target=\"_blank\">\n\t\t\t\t\t\t<span class=\"elementor-button-content-wrapper\">\n\t\t\t\t\t\t\t\t\t<span class=\"elementor-button-text\">Mehr lesen<\/span>\n\t\t\t\t\t<\/span>\n\t\t\t\t\t<\/a>\n\t\t\t\t\t\t\t\t<\/div>\n\t\t\t\t<\/div>\n\t\t\t\t<\/div>\n\t\t\t\t<div data-elementor-type=\"loop-item\" data-elementor-id=\"19291\" class=\"elementor elementor-19291 e-loop-item e-loop-item-3417 post-3417 post type-post status-publish format-standard has-post-thumbnail hentry category-aktuelles category-empfehlungen\" data-elementor-post-type=\"elementor_library\" data-custom-edit-handle=\"1\">\n\t\t\t<div class=\"elementor-element elementor-element-334d3cf3 e-con-full e-flex elementor-invisible e-con e-parent\" data-id=\"334d3cf3\" data-element_type=\"container\" data-e-type=\"container\" data-settings=\"{&quot;animation&quot;:&quot;fadeInUp&quot;}\">\n\t\t\t\t<div class=\"elementor-element elementor-element-602083c9 elementor-widget elementor-widget-heading\" data-id=\"602083c9\" data-element_type=\"widget\" data-e-type=\"widget\" data-settings=\"{&quot;_animation&quot;:&quot;none&quot;,&quot;_animation_delay&quot;:200}\" data-widget_type=\"heading.default\">\n\t\t\t\t\t<h3 class=\"elementor-heading-title elementor-size-default\">WirtschaftsWoche-Auszeichnung &#8211; TOP Kanzlei und TOP Anwalt 2021<\/h3>\t\t\t\t<\/div>\n\t\t\t\t<div class=\"elementor-element elementor-element-184f089f elementor-widget elementor-widget-text-editor\" data-id=\"184f089f\" data-element_type=\"widget\" data-e-type=\"widget\" data-settings=\"{&quot;_animation&quot;:&quot;none&quot;,&quot;_animation_delay&quot;:300}\" data-widget_type=\"text-editor.default\">\n\t\t\t\t\t\t\t\t\tBreyer Rechtsanw\u00e4lte wurden in der aktuellen WirtschaftsWoche-Listung im Rechtsgebiet \u201eprivates Baurecht\u201c als \u201eTOP Kanzlei 2021\u201c ausgezeichnet. Dr. Wolfgang Breyer wird ferner darin als \u201eTOP Anwalt 2021\u201c empfohlen. \t\t\t\t\t\t\t\t<\/div>\n\t\t\t\t<div class=\"elementor-element elementor-element-a919524 elementor-widget elementor-widget-button\" data-id=\"a919524\" data-element_type=\"widget\" data-e-type=\"widget\" data-widget_type=\"button.default\">\n\t\t\t\t\t\t\t\t\t\t<a class=\"elementor-button elementor-button-link elementor-size-sm\" href=\"https:\/\/breyer-rechtsanwaelte.de\/en\/wirtschaftswoche-auszeichnung-top-kanzlei-und-top-anwalt-2021\/\" target=\"_blank\">\n\t\t\t\t\t\t<span class=\"elementor-button-content-wrapper\">\n\t\t\t\t\t\t\t\t\t<span class=\"elementor-button-text\">Mehr lesen<\/span>\n\t\t\t\t\t<\/span>\n\t\t\t\t\t<\/a>\n\t\t\t\t\t\t\t\t<\/div>\n\t\t\t\t<\/div>\n\t\t\t\t<\/div>\n\t\t\t\t<div data-elementor-type=\"loop-item\" data-elementor-id=\"19291\" class=\"elementor elementor-19291 e-loop-item e-loop-item-3429 post-3429 post type-post status-publish format-standard has-post-thumbnail hentry category-aktuelles category-empfehlungen\" data-elementor-post-type=\"elementor_library\" data-custom-edit-handle=\"1\">\n\t\t\t<div class=\"elementor-element elementor-element-334d3cf3 e-con-full e-flex elementor-invisible e-con e-parent\" data-id=\"334d3cf3\" data-element_type=\"container\" data-e-type=\"container\" data-settings=\"{&quot;animation&quot;:&quot;fadeInUp&quot;}\">\n\t\t\t\t<div class=\"elementor-element elementor-element-602083c9 elementor-widget elementor-widget-heading\" data-id=\"602083c9\" data-element_type=\"widget\" data-e-type=\"widget\" data-settings=\"{&quot;_animation&quot;:&quot;none&quot;,&quot;_animation_delay&quot;:200}\" data-widget_type=\"heading.default\">\n\t\t\t\t\t<h3 class=\"elementor-heading-title elementor-size-default\">The Legal 500 Deutschland 2021 &#8211; Breyer Rechtsanw\u00e4lte als &#8222;TOP KANZLEI&#8220; ausgezeichnet<\/h3>\t\t\t\t<\/div>\n\t\t\t\t<div class=\"elementor-element elementor-element-184f089f elementor-widget elementor-widget-text-editor\" data-id=\"184f089f\" data-element_type=\"widget\" data-e-type=\"widget\" data-settings=\"{&quot;_animation&quot;:&quot;none&quot;,&quot;_animation_delay&quot;:300}\" data-widget_type=\"text-editor.default\">\n\t\t\t\t\t\t\t\t\tBreyer Rechtsanw\u00e4lte sind diesj\u00e4hrig von THE LEGAL 500 DEUTSCHLAND 2021 als &#8222;TOP KANZLEI&#8220; (&#8222;TOP TIER&#8220;) ausgezeichnet worden. RA Dr. Breyer, RA Dr. Burdinski, RAin Frohwein, RA Verdugo Morales, RA Dr. Regul sowie RA Thomas werden namentlich empfohlen. Lesen Sie nachfolgend die Bewertung von THE LEGAL 500.\t\t\t\t\t\t\t\t<\/div>\n\t\t\t\t<div class=\"elementor-element elementor-element-a919524 elementor-widget elementor-widget-button\" data-id=\"a919524\" data-element_type=\"widget\" data-e-type=\"widget\" data-widget_type=\"button.default\">\n\t\t\t\t\t\t\t\t\t\t<a class=\"elementor-button elementor-button-link elementor-size-sm\" href=\"https:\/\/breyer-rechtsanwaelte.de\/en\/the-legal-500-deutschland-2021-breyer-rechtsanwaelte-als-top-kanzlei-ausgezeichnet\/\" target=\"_blank\">\n\t\t\t\t\t\t<span class=\"elementor-button-content-wrapper\">\n\t\t\t\t\t\t\t\t\t<span class=\"elementor-button-text\">Mehr lesen<\/span>\n\t\t\t\t\t<\/span>\n\t\t\t\t\t<\/a>\n\t\t\t\t\t\t\t\t<\/div>\n\t\t\t\t<\/div>\n\t\t\t\t<\/div>\n\t\t\t\t<div data-elementor-type=\"loop-item\" data-elementor-id=\"19291\" class=\"elementor elementor-19291 e-loop-item e-loop-item-3538 post-3538 post type-post status-publish format-standard has-post-thumbnail hentry category-aktuelles category-empfehlungen\" data-elementor-post-type=\"elementor_library\" data-custom-edit-handle=\"1\">\n\t\t\t<div class=\"elementor-element elementor-element-334d3cf3 e-con-full e-flex elementor-invisible e-con e-parent\" data-id=\"334d3cf3\" data-element_type=\"container\" data-e-type=\"container\" data-settings=\"{&quot;animation&quot;:&quot;fadeInUp&quot;}\">\n\t\t\t\t<div class=\"elementor-element elementor-element-602083c9 elementor-widget elementor-widget-heading\" data-id=\"602083c9\" data-element_type=\"widget\" data-e-type=\"widget\" data-settings=\"{&quot;_animation&quot;:&quot;none&quot;,&quot;_animation_delay&quot;:200}\" data-widget_type=\"heading.default\">\n\t\t\t\t\t<h3 class=\"elementor-heading-title elementor-size-default\">FOCUS-SPEZIAL: Breyer Rechtsanw\u00e4lte erneut \u201eDeutschlands Top-Anw\u00e4lte\u201c im Baurecht<\/h3>\t\t\t\t<\/div>\n\t\t\t\t<div class=\"elementor-element elementor-element-184f089f elementor-widget elementor-widget-text-editor\" data-id=\"184f089f\" data-element_type=\"widget\" data-e-type=\"widget\" data-settings=\"{&quot;_animation&quot;:&quot;none&quot;,&quot;_animation_delay&quot;:300}\" data-widget_type=\"text-editor.default\">\n\t\t\t\t\t\t\t\t\tNach der aktuellen Erhebung von FOCUS-SPEZIAL \u201cDeutschlands Top-Anw\u00e4lte\u201d im September 2020 z\u00e4hlt Breyer Rechtsanw\u00e4lte erneut im Fachbereich \u201cBaurecht\u201d zu Deutschlands Top-Wirtschaftskanzleien. Die Kanzlei freut sich \u00fcber die weitere Auszeichnung und dankt Ihnen f\u00fcr das Vertrauen und Ihre Empfehlungen.\t\t\t\t\t\t\t\t<\/div>\n\t\t\t\t<div class=\"elementor-element elementor-element-a919524 elementor-widget elementor-widget-button\" data-id=\"a919524\" data-element_type=\"widget\" data-e-type=\"widget\" data-widget_type=\"button.default\">\n\t\t\t\t\t\t\t\t\t\t<a class=\"elementor-button elementor-button-link elementor-size-sm\" href=\"https:\/\/breyer-rechtsanwaelte.de\/en\/focus-spezial-breyer-rechtsanwaelte-erneut-deutschlands-top-anwaelte-im-baurecht\/\" target=\"_blank\">\n\t\t\t\t\t\t<span class=\"elementor-button-content-wrapper\">\n\t\t\t\t\t\t\t\t\t<span class=\"elementor-button-text\">Mehr lesen<\/span>\n\t\t\t\t\t<\/span>\n\t\t\t\t\t<\/a>\n\t\t\t\t\t\t\t\t<\/div>\n\t\t\t\t<\/div>\n\t\t\t\t<\/div>\n\t\t\t\t<div data-elementor-type=\"loop-item\" data-elementor-id=\"19291\" class=\"elementor elementor-19291 e-loop-item e-loop-item-3565 post-3565 post type-post status-publish format-standard has-post-thumbnail hentry category-aktuelles category-empfehlungen\" data-elementor-post-type=\"elementor_library\" data-custom-edit-handle=\"1\">\n\t\t\t<div class=\"elementor-element elementor-element-334d3cf3 e-con-full e-flex elementor-invisible e-con e-parent\" data-id=\"334d3cf3\" data-element_type=\"container\" data-e-type=\"container\" data-settings=\"{&quot;animation&quot;:&quot;fadeInUp&quot;}\">\n\t\t\t\t<div class=\"elementor-element elementor-element-602083c9 elementor-widget elementor-widget-heading\" data-id=\"602083c9\" data-element_type=\"widget\" data-e-type=\"widget\" data-settings=\"{&quot;_animation&quot;:&quot;none&quot;,&quot;_animation_delay&quot;:200}\" data-widget_type=\"heading.default\">\n\t\t\t\t\t<h3 class=\"elementor-heading-title elementor-size-default\">Deutschlands Beste Anw\u00e4lte 2020<\/h3>\t\t\t\t<\/div>\n\t\t\t\t<div class=\"elementor-element elementor-element-184f089f elementor-widget elementor-widget-text-editor\" data-id=\"184f089f\" data-element_type=\"widget\" data-e-type=\"widget\" data-settings=\"{&quot;_animation&quot;:&quot;none&quot;,&quot;_animation_delay&quot;:300}\" data-widget_type=\"text-editor.default\">\n\t\t\t\t\t\t\t\t\tHerr Dr. Breyer und Herr Dr. Burdinski sind jeweils erneut vom Handelsblatt und dem renommierten Kooperationspartner, US-Verlag Best Lawyers, zu einem von Deutschland besten Anw\u00e4lten im Rechtsgebiet Baurecht ausgezeichnet worden. Herr Dr. Breyer wird in dem Ranking seit 2013, Herr Dr. Burdinski seit 2016 fortlaufend gef\u00fchrt. Breyer Rechtsanw\u00e4lte werden in dem Ranking insgesamt als empfohlene Kanzlei 2020 im Baurecht gef\u00fchrt.\t\t\t\t\t\t\t\t<\/div>\n\t\t\t\t<div class=\"elementor-element elementor-element-a919524 elementor-widget elementor-widget-button\" data-id=\"a919524\" data-element_type=\"widget\" data-e-type=\"widget\" data-widget_type=\"button.default\">\n\t\t\t\t\t\t\t\t\t\t<a class=\"elementor-button elementor-button-link elementor-size-sm\" href=\"https:\/\/breyer-rechtsanwaelte.de\/en\/deutschlands-beste-anwaelte-2020\/\" target=\"_blank\">\n\t\t\t\t\t\t<span class=\"elementor-button-content-wrapper\">\n\t\t\t\t\t\t\t\t\t<span class=\"elementor-button-text\">Mehr lesen<\/span>\n\t\t\t\t\t<\/span>\n\t\t\t\t\t<\/a>\n\t\t\t\t\t\t\t\t<\/div>\n\t\t\t\t<\/div>\n\t\t\t\t<\/div>\n\t\t\t\t<div data-elementor-type=\"loop-item\" data-elementor-id=\"19291\" class=\"elementor elementor-19291 e-loop-item e-loop-item-3608 post-3608 post type-post status-publish format-standard has-post-thumbnail hentry category-aktuelles category-empfehlungen\" data-elementor-post-type=\"elementor_library\" data-custom-edit-handle=\"1\">\n\t\t\t<div class=\"elementor-element elementor-element-334d3cf3 e-con-full e-flex elementor-invisible e-con e-parent\" data-id=\"334d3cf3\" data-element_type=\"container\" data-e-type=\"container\" data-settings=\"{&quot;animation&quot;:&quot;fadeInUp&quot;}\">\n\t\t\t\t<div class=\"elementor-element elementor-element-602083c9 elementor-widget elementor-widget-heading\" data-id=\"602083c9\" data-element_type=\"widget\" data-e-type=\"widget\" data-settings=\"{&quot;_animation&quot;:&quot;none&quot;,&quot;_animation_delay&quot;:200}\" data-widget_type=\"heading.default\">\n\t\t\t\t\t<h3 class=\"elementor-heading-title elementor-size-default\">The LEGAL 500 Deutschland 2020 &#8211; Auszeichnungen in allen Kategorien<\/h3>\t\t\t\t<\/div>\n\t\t\t\t<div class=\"elementor-element elementor-element-184f089f elementor-widget elementor-widget-text-editor\" data-id=\"184f089f\" data-element_type=\"widget\" data-e-type=\"widget\" data-settings=\"{&quot;_animation&quot;:&quot;none&quot;,&quot;_animation_delay&quot;:300}\" data-widget_type=\"text-editor.default\">\n\t\t\t\t\t\t\t\t\tBreyer Rechtsanw\u00e4lte wurden in diesem Jahr gleich mehrfach vom juristischen Verlag The LEGAL 500 im Bereich &#8222;Immobilien- und Baurecht &#8211; Baurecht (einschlie\u00dflich Streitbeilegung)&#8220; ausgezeichnet. Seit 33 Jahren analysiert The Legal 500 die F\u00e4higkeiten von Anwaltskanzleien auf der ganzen Welt in \u00fcber 150 Rechtsgebieten.\t\t\t\t\t\t\t\t<\/div>\n\t\t\t\t<div class=\"elementor-element elementor-element-a919524 elementor-widget elementor-widget-button\" data-id=\"a919524\" data-element_type=\"widget\" data-e-type=\"widget\" data-widget_type=\"button.default\">\n\t\t\t\t\t\t\t\t\t\t<a class=\"elementor-button elementor-button-link elementor-size-sm\" href=\"https:\/\/breyer-rechtsanwaelte.de\/en\/the-legal-500-deutschland-2020-auszeichnungen-in-allen-kategorien\/\" target=\"_blank\">\n\t\t\t\t\t\t<span class=\"elementor-button-content-wrapper\">\n\t\t\t\t\t\t\t\t\t<span class=\"elementor-button-text\">Mehr lesen<\/span>\n\t\t\t\t\t<\/span>\n\t\t\t\t\t<\/a>\n\t\t\t\t\t\t\t\t<\/div>\n\t\t\t\t<\/div>\n\t\t\t\t<\/div>\n\t\t\t\t<div data-elementor-type=\"loop-item\" data-elementor-id=\"19291\" class=\"elementor elementor-19291 e-loop-item e-loop-item-3620 post-3620 post type-post status-publish format-standard has-post-thumbnail hentry category-aktuelles category-empfehlungen\" data-elementor-post-type=\"elementor_library\" data-custom-edit-handle=\"1\">\n\t\t\t<div class=\"elementor-element elementor-element-334d3cf3 e-con-full e-flex elementor-invisible e-con e-parent\" data-id=\"334d3cf3\" data-element_type=\"container\" data-e-type=\"container\" data-settings=\"{&quot;animation&quot;:&quot;fadeInUp&quot;}\">\n\t\t\t\t<div class=\"elementor-element elementor-element-602083c9 elementor-widget elementor-widget-heading\" data-id=\"602083c9\" data-element_type=\"widget\" data-e-type=\"widget\" data-settings=\"{&quot;_animation&quot;:&quot;none&quot;,&quot;_animation_delay&quot;:200}\" data-widget_type=\"heading.default\">\n\t\t\t\t\t<h3 class=\"elementor-heading-title elementor-size-default\">Empfohlen im Kanzleimonitor 2019\/2020<\/h3>\t\t\t\t<\/div>\n\t\t\t\t<div class=\"elementor-element elementor-element-184f089f elementor-widget elementor-widget-text-editor\" data-id=\"184f089f\" data-element_type=\"widget\" data-e-type=\"widget\" data-settings=\"{&quot;_animation&quot;:&quot;none&quot;,&quot;_animation_delay&quot;:300}\" data-widget_type=\"text-editor.default\">\n\t\t\t\t\t\t\t\t\tRAin Angelika Frohwein, LL.M. Eur. und RA Dr. Christian Kruska wurden &#8211; wie auch im Vorjahr &#8211; im Kanzleimonitor 2019\/2020 f\u00fcr die Bereiche des Immobilien- &amp; Baurechts erneut namentlich empfohlen. Die Kanzlei Breyer Rechtsanw\u00e4lte bedankt sich vielmals f\u00fcr Ihre Empfehlungen und das Vertrauen in unsere Anw\u00e4lte.\t\t\t\t\t\t\t\t<\/div>\n\t\t\t\t<div class=\"elementor-element elementor-element-a919524 elementor-widget elementor-widget-button\" data-id=\"a919524\" data-element_type=\"widget\" data-e-type=\"widget\" data-widget_type=\"button.default\">\n\t\t\t\t\t\t\t\t\t\t<a class=\"elementor-button elementor-button-link elementor-size-sm\" href=\"https:\/\/breyer-rechtsanwaelte.de\/en\/empfohlen-im-kanzleimonitor-2019-2020\/\" target=\"_blank\">\n\t\t\t\t\t\t<span class=\"elementor-button-content-wrapper\">\n\t\t\t\t\t\t\t\t\t<span class=\"elementor-button-text\">Mehr lesen<\/span>\n\t\t\t\t\t<\/span>\n\t\t\t\t\t<\/a>\n\t\t\t\t\t\t\t\t<\/div>\n\t\t\t\t<\/div>\n\t\t\t\t<\/div>\n\t\t\t\t<div data-elementor-type=\"loop-item\" data-elementor-id=\"19291\" class=\"elementor elementor-19291 e-loop-item e-loop-item-3648 post-3648 post type-post status-publish format-standard has-post-thumbnail hentry category-aktuelles category-empfehlungen\" data-elementor-post-type=\"elementor_library\" data-custom-edit-handle=\"1\">\n\t\t\t<div class=\"elementor-element elementor-element-334d3cf3 e-con-full e-flex elementor-invisible e-con e-parent\" data-id=\"334d3cf3\" data-element_type=\"container\" data-e-type=\"container\" data-settings=\"{&quot;animation&quot;:&quot;fadeInUp&quot;}\">\n\t\t\t\t<div class=\"elementor-element elementor-element-602083c9 elementor-widget elementor-widget-heading\" data-id=\"602083c9\" data-element_type=\"widget\" data-e-type=\"widget\" data-settings=\"{&quot;_animation&quot;:&quot;none&quot;,&quot;_animation_delay&quot;:200}\" data-widget_type=\"heading.default\">\n\t\t\t\t\t<h3 class=\"elementor-heading-title elementor-size-default\">Deutschlands Beste Anw\u00e4lte 2019<\/h3>\t\t\t\t<\/div>\n\t\t\t\t<div class=\"elementor-element elementor-element-184f089f elementor-widget elementor-widget-text-editor\" data-id=\"184f089f\" data-element_type=\"widget\" data-e-type=\"widget\" data-settings=\"{&quot;_animation&quot;:&quot;none&quot;,&quot;_animation_delay&quot;:300}\" data-widget_type=\"text-editor.default\">\n\t\t\t\t\t\t\t\t\tZum 11. Mal in Folge ist Ende Juni 2019, das gro\u00dfe Best Lawyers Ranking zu den besten Anw\u00e4lten von Deutschland ver\u00f6ffentlicht worden. Auch in diesem Jahr hat die Kanzlei Breyer Rechtsanw\u00e4lte gut abgeschnitten. Herr Dr. Breyer und Herr Dr. Burdinski sind jeweils erneut vom Handelsblatt und dem renommierten Kooperationspartner, US-Verlag Best Lawyers, zu einem von Deutschland besten Anw\u00e4lten im Rechtsgebiet Baurecht ausgezeichnet worden.\t\t\t\t\t\t\t\t<\/div>\n\t\t\t\t<div class=\"elementor-element elementor-element-a919524 elementor-widget elementor-widget-button\" data-id=\"a919524\" data-element_type=\"widget\" data-e-type=\"widget\" data-widget_type=\"button.default\">\n\t\t\t\t\t\t\t\t\t\t<a class=\"elementor-button elementor-button-link elementor-size-sm\" href=\"https:\/\/breyer-rechtsanwaelte.de\/en\/deutschlands-beste-anwaelte-2019\/\" target=\"_blank\">\n\t\t\t\t\t\t<span class=\"elementor-button-content-wrapper\">\n\t\t\t\t\t\t\t\t\t<span class=\"elementor-button-text\">Mehr lesen<\/span>\n\t\t\t\t\t<\/span>\n\t\t\t\t\t<\/a>\n\t\t\t\t\t\t\t\t<\/div>\n\t\t\t\t<\/div>\n\t\t\t\t<\/div>\n\t\t\t\t<div data-elementor-type=\"loop-item\" data-elementor-id=\"19291\" class=\"elementor elementor-19291 e-loop-item e-loop-item-3681 post-3681 post type-post status-publish format-standard has-post-thumbnail hentry category-aktuelles category-empfehlungen\" data-elementor-post-type=\"elementor_library\" data-custom-edit-handle=\"1\">\n\t\t\t<div class=\"elementor-element elementor-element-334d3cf3 e-con-full e-flex elementor-invisible e-con e-parent\" data-id=\"334d3cf3\" data-element_type=\"container\" data-e-type=\"container\" data-settings=\"{&quot;animation&quot;:&quot;fadeInUp&quot;}\">\n\t\t\t\t<div class=\"elementor-element elementor-element-602083c9 elementor-widget elementor-widget-heading\" data-id=\"602083c9\" data-element_type=\"widget\" data-e-type=\"widget\" data-settings=\"{&quot;_animation&quot;:&quot;none&quot;,&quot;_animation_delay&quot;:200}\" data-widget_type=\"heading.default\">\n\t\t\t\t\t<h3 class=\"elementor-heading-title elementor-size-default\">Lean in the Public Sector (LIPS) &#8211; Konferenz in Berkeley, Ca., USA<\/h3>\t\t\t\t<\/div>\n\t\t\t\t<div class=\"elementor-element elementor-element-184f089f elementor-widget elementor-widget-text-editor\" data-id=\"184f089f\" data-element_type=\"widget\" data-e-type=\"widget\" data-settings=\"{&quot;_animation&quot;:&quot;none&quot;,&quot;_animation_delay&quot;:300}\" data-widget_type=\"text-editor.default\">\n\t\t\t\t\t\t\t\t\tVom 3. bis 6. \u00a0Oktober fand die \u201e2018 Lean in the Public Sector (LIPS)\u201c-Konferenz an der weltbekannten Universit\u00e4t of California-Berkeley in Berkeley, Kalifornien unter Beteiligung von Breyer Rechtsanw\u00e4lte statt.\t\t\t\t\t\t\t\t<\/div>\n\t\t\t\t<div class=\"elementor-element elementor-element-a919524 elementor-widget elementor-widget-button\" data-id=\"a919524\" data-element_type=\"widget\" data-e-type=\"widget\" data-widget_type=\"button.default\">\n\t\t\t\t\t\t\t\t\t\t<a class=\"elementor-button elementor-button-link elementor-size-sm\" href=\"https:\/\/breyer-rechtsanwaelte.de\/en\/lean-in-the-public-sector-lips-konferenz-in-berkeley-ca-usa\/\" target=\"_blank\">\n\t\t\t\t\t\t<span class=\"elementor-button-content-wrapper\">\n\t\t\t\t\t\t\t\t\t<span class=\"elementor-button-text\">Mehr lesen<\/span>\n\t\t\t\t\t<\/span>\n\t\t\t\t\t<\/a>\n\t\t\t\t\t\t\t\t<\/div>\n\t\t\t\t<\/div>\n\t\t\t\t<\/div>\n\t\t\t\t<div data-elementor-type=\"loop-item\" data-elementor-id=\"19291\" class=\"elementor elementor-19291 e-loop-item e-loop-item-3705 post-3705 post type-post status-publish format-standard has-post-thumbnail hentry category-aktuelles category-empfehlungen\" data-elementor-post-type=\"elementor_library\" data-custom-edit-handle=\"1\">\n\t\t\t<div class=\"elementor-element elementor-element-334d3cf3 e-con-full e-flex elementor-invisible e-con e-parent\" data-id=\"334d3cf3\" data-element_type=\"container\" data-e-type=\"container\" data-settings=\"{&quot;animation&quot;:&quot;fadeInUp&quot;}\">\n\t\t\t\t<div class=\"elementor-element elementor-element-602083c9 elementor-widget elementor-widget-heading\" data-id=\"602083c9\" data-element_type=\"widget\" data-e-type=\"widget\" data-settings=\"{&quot;_animation&quot;:&quot;none&quot;,&quot;_animation_delay&quot;:200}\" data-widget_type=\"heading.default\">\n\t\t\t\t\t<h3 class=\"elementor-heading-title elementor-size-default\">FOCUS-SPEZIAL \u201eDeutschlands Top-Anw\u00e4lte\u201c 2018<\/h3>\t\t\t\t<\/div>\n\t\t\t\t<div class=\"elementor-element elementor-element-184f089f elementor-widget elementor-widget-text-editor\" data-id=\"184f089f\" data-element_type=\"widget\" data-e-type=\"widget\" data-settings=\"{&quot;_animation&quot;:&quot;none&quot;,&quot;_animation_delay&quot;:300}\" data-widget_type=\"text-editor.default\">\n\t\t\t\t\t\t\t\t\tNach der aktuellen Erhebung von FOCUS-SPEZIAL &#8222;Deutschlands Top-Anw\u00e4lte&#8220; im September 2018 z\u00e4hlt Breyer Rechtsanw\u00e4lte erneut im Fachbereich &#8222;Baurecht&#8220; zu Deutschlands Top-Wirtschaftskanzleien.\t\t\t\t\t\t\t\t<\/div>\n\t\t\t\t<div class=\"elementor-element elementor-element-a919524 elementor-widget elementor-widget-button\" data-id=\"a919524\" data-element_type=\"widget\" data-e-type=\"widget\" data-widget_type=\"button.default\">\n\t\t\t\t\t\t\t\t\t\t<a class=\"elementor-button elementor-button-link elementor-size-sm\" href=\"https:\/\/breyer-rechtsanwaelte.de\/en\/focus-spezial-deutschlands-top-anwaelte-2018\/\" target=\"_blank\">\n\t\t\t\t\t\t<span class=\"elementor-button-content-wrapper\">\n\t\t\t\t\t\t\t\t\t<span class=\"elementor-button-text\">Mehr lesen<\/span>\n\t\t\t\t\t<\/span>\n\t\t\t\t\t<\/a>\n\t\t\t\t\t\t\t\t<\/div>\n\t\t\t\t<\/div>\n\t\t\t\t<\/div>\n\t\t\t\t<div data-elementor-type=\"loop-item\" data-elementor-id=\"19291\" class=\"elementor elementor-19291 e-loop-item e-loop-item-3710 post-3710 post type-post status-publish format-standard has-post-thumbnail hentry category-aktuelles category-empfehlungen\" data-elementor-post-type=\"elementor_library\" data-custom-edit-handle=\"1\">\n\t\t\t<div class=\"elementor-element elementor-element-334d3cf3 e-con-full e-flex elementor-invisible e-con e-parent\" data-id=\"334d3cf3\" data-element_type=\"container\" data-e-type=\"container\" data-settings=\"{&quot;animation&quot;:&quot;fadeInUp&quot;}\">\n\t\t\t\t<div class=\"elementor-element elementor-element-602083c9 elementor-widget elementor-widget-heading\" data-id=\"602083c9\" data-element_type=\"widget\" data-e-type=\"widget\" data-settings=\"{&quot;_animation&quot;:&quot;none&quot;,&quot;_animation_delay&quot;:200}\" data-widget_type=\"heading.default\">\n\t\t\t\t\t<h3 class=\"elementor-heading-title elementor-size-default\">Deutschlands Beste Anw\u00e4lte 2018<\/h3>\t\t\t\t<\/div>\n\t\t\t\t<div class=\"elementor-element elementor-element-184f089f elementor-widget elementor-widget-text-editor\" data-id=\"184f089f\" data-element_type=\"widget\" data-e-type=\"widget\" data-settings=\"{&quot;_animation&quot;:&quot;none&quot;,&quot;_animation_delay&quot;:300}\" data-widget_type=\"text-editor.default\">\n\t\t\t\t\t\t\t\t\tAuch im Jahr 2018 wurden Dr. Wolfgang Breyer (zum 6-mal) und Dr. Michael Burdinski (zum 4-mal) vom Handelsblatt und dem renommierten Kooperationspartner, US-Verlag Best Lawyers, zu einem von Deutschland besten Anw\u00e4lten im Rechtsgebiet Baurecht ausgezeichnet.\t\t\t\t\t\t\t\t<\/div>\n\t\t\t\t<div class=\"elementor-element elementor-element-a919524 elementor-widget elementor-widget-button\" data-id=\"a919524\" data-element_type=\"widget\" data-e-type=\"widget\" data-widget_type=\"button.default\">\n\t\t\t\t\t\t\t\t\t\t<a class=\"elementor-button elementor-button-link elementor-size-sm\" href=\"https:\/\/breyer-rechtsanwaelte.de\/en\/deutschlands-beste-anwaelte-2018\/\" target=\"_blank\">\n\t\t\t\t\t\t<span class=\"elementor-button-content-wrapper\">\n\t\t\t\t\t\t\t\t\t<span class=\"elementor-button-text\">Mehr lesen<\/span>\n\t\t\t\t\t<\/span>\n\t\t\t\t\t<\/a>\n\t\t\t\t\t\t\t\t<\/div>\n\t\t\t\t<\/div>\n\t\t\t\t<\/div>\n\t\t\t\t<div data-elementor-type=\"loop-item\" data-elementor-id=\"19291\" class=\"elementor elementor-19291 e-loop-item e-loop-item-3760 post-3760 post type-post status-publish format-standard has-post-thumbnail hentry category-aktuelles category-empfehlungen\" data-elementor-post-type=\"elementor_library\" data-custom-edit-handle=\"1\">\n\t\t\t<div class=\"elementor-element elementor-element-334d3cf3 e-con-full e-flex elementor-invisible e-con e-parent\" data-id=\"334d3cf3\" data-element_type=\"container\" data-e-type=\"container\" data-settings=\"{&quot;animation&quot;:&quot;fadeInUp&quot;}\">\n\t\t\t\t<div class=\"elementor-element elementor-element-602083c9 elementor-widget elementor-widget-heading\" data-id=\"602083c9\" data-element_type=\"widget\" data-e-type=\"widget\" data-settings=\"{&quot;_animation&quot;:&quot;none&quot;,&quot;_animation_delay&quot;:200}\" data-widget_type=\"heading.default\">\n\t\t\t\t\t<h3 class=\"elementor-heading-title elementor-size-default\">The Legal 500 Deutschland 2018<\/h3>\t\t\t\t<\/div>\n\t\t\t\t<div class=\"elementor-element elementor-element-184f089f elementor-widget elementor-widget-text-editor\" data-id=\"184f089f\" data-element_type=\"widget\" data-e-type=\"widget\" data-settings=\"{&quot;_animation&quot;:&quot;none&quot;,&quot;_animation_delay&quot;:300}\" data-widget_type=\"text-editor.default\">\n\t\t\t\t\t\t\t\t\tBreyer Rechtsanw\u00e4lte wird von &#8222;The Legal 500 Deutschland 2018&#8220; im Praxisbereich &#8222;Baurecht (einschlie\u00dflich Streitbeilegung)&#8220; erneut als eine der f\u00fchrenden Kanzleien\u00a0empfohlen.\nWir bedanken uns f\u00fcr Ihr Vertrauen und freuen uns auf die gemeinsamen Herausforderungen in 2018.\t\t\t\t\t\t\t\t<\/div>\n\t\t\t\t<div class=\"elementor-element elementor-element-a919524 elementor-widget elementor-widget-button\" data-id=\"a919524\" data-element_type=\"widget\" data-e-type=\"widget\" data-widget_type=\"button.default\">\n\t\t\t\t\t\t\t\t\t\t<a class=\"elementor-button elementor-button-link elementor-size-sm\" href=\"https:\/\/breyer-rechtsanwaelte.de\/en\/the-legal-500-deutschland-2018\/\" target=\"_blank\">\n\t\t\t\t\t\t<span class=\"elementor-button-content-wrapper\">\n\t\t\t\t\t\t\t\t\t<span class=\"elementor-button-text\">Mehr lesen<\/span>\n\t\t\t\t\t<\/span>\n\t\t\t\t\t<\/a>\n\t\t\t\t\t\t\t\t<\/div>\n\t\t\t\t<\/div>\n\t\t\t\t<\/div>\n\t\t\t\t<div data-elementor-type=\"loop-item\" data-elementor-id=\"19291\" class=\"elementor elementor-19291 e-loop-item e-loop-item-3788 post-3788 post type-post status-publish format-standard has-post-thumbnail hentry category-aktuelles category-empfehlungen\" data-elementor-post-type=\"elementor_library\" data-custom-edit-handle=\"1\">\n\t\t\t<div class=\"elementor-element elementor-element-334d3cf3 e-con-full e-flex elementor-invisible e-con e-parent\" data-id=\"334d3cf3\" data-element_type=\"container\" data-e-type=\"container\" data-settings=\"{&quot;animation&quot;:&quot;fadeInUp&quot;}\">\n\t\t\t\t<div class=\"elementor-element elementor-element-602083c9 elementor-widget elementor-widget-heading\" data-id=\"602083c9\" data-element_type=\"widget\" data-e-type=\"widget\" data-settings=\"{&quot;_animation&quot;:&quot;none&quot;,&quot;_animation_delay&quot;:200}\" data-widget_type=\"heading.default\">\n\t\t\t\t\t<h3 class=\"elementor-heading-title elementor-size-default\">Top Wirtschaftskanzlei 2017<\/h3>\t\t\t\t<\/div>\n\t\t\t\t<div class=\"elementor-element elementor-element-184f089f elementor-widget elementor-widget-text-editor\" data-id=\"184f089f\" data-element_type=\"widget\" data-e-type=\"widget\" data-settings=\"{&quot;_animation&quot;:&quot;none&quot;,&quot;_animation_delay&quot;:300}\" data-widget_type=\"text-editor.default\">\n\t\t\t\t\t\t\t\t\tNach der Erhebung von FOCUS-SPEZIAL &#8222;Anw\u00e4lte 2017&#8220; im September 2017 geh\u00f6rt Breyer Rechtsanw\u00e4lte im Fachbereich &#8222;Baurecht&#8220; zu Deutschlands Top-Wirtschaftskanzleien.\t\t\t\t\t\t\t\t<\/div>\n\t\t\t\t<div class=\"elementor-element elementor-element-a919524 elementor-widget elementor-widget-button\" data-id=\"a919524\" data-element_type=\"widget\" data-e-type=\"widget\" data-widget_type=\"button.default\">\n\t\t\t\t\t\t\t\t\t\t<a class=\"elementor-button elementor-button-link elementor-size-sm\" href=\"https:\/\/breyer-rechtsanwaelte.de\/en\/top-wirtschaftskanzlei-2017\/\" target=\"_blank\">\n\t\t\t\t\t\t<span class=\"elementor-button-content-wrapper\">\n\t\t\t\t\t\t\t\t\t<span class=\"elementor-button-text\">Mehr lesen<\/span>\n\t\t\t\t\t<\/span>\n\t\t\t\t\t<\/a>\n\t\t\t\t\t\t\t\t<\/div>\n\t\t\t\t<\/div>\n\t\t\t\t<\/div>\n\t\t\t\t<div data-elementor-type=\"loop-item\" data-elementor-id=\"19291\" class=\"elementor elementor-19291 e-loop-item e-loop-item-3793 post-3793 post type-post status-publish format-standard has-post-thumbnail hentry category-aktuelles category-empfehlungen\" data-elementor-post-type=\"elementor_library\" data-custom-edit-handle=\"1\">\n\t\t\t<div class=\"elementor-element elementor-element-334d3cf3 e-con-full e-flex elementor-invisible e-con e-parent\" data-id=\"334d3cf3\" data-element_type=\"container\" data-e-type=\"container\" data-settings=\"{&quot;animation&quot;:&quot;fadeInUp&quot;}\">\n\t\t\t\t<div class=\"elementor-element elementor-element-602083c9 elementor-widget elementor-widget-heading\" data-id=\"602083c9\" data-element_type=\"widget\" data-e-type=\"widget\" data-settings=\"{&quot;_animation&quot;:&quot;none&quot;,&quot;_animation_delay&quot;:200}\" data-widget_type=\"heading.default\">\n\t\t\t\t\t<h3 class=\"elementor-heading-title elementor-size-default\">Breyer Rechtsanw\u00e4lte ist Kanzlei des Jahres<\/h3>\t\t\t\t<\/div>\n\t\t\t\t<div class=\"elementor-element elementor-element-184f089f elementor-widget elementor-widget-text-editor\" data-id=\"184f089f\" data-element_type=\"widget\" data-e-type=\"widget\" data-settings=\"{&quot;_animation&quot;:&quot;none&quot;,&quot;_animation_delay&quot;:300}\" data-widget_type=\"text-editor.default\">\n\t\t\t\t\t\t\t\t\tBreyer Rechtsanw\u00e4lte wurde Ende Oktober 2016 vom JUVE Verlag, dem f\u00fchrenden Branchenmagazin f\u00fcr Wirtschaftsanw\u00e4lte, zur Kanzlei des Jahres f\u00fcr Privates Baurecht ausgezeichnet. \t\t\t\t\t\t\t\t<\/div>\n\t\t\t\t<div class=\"elementor-element elementor-element-a919524 elementor-widget elementor-widget-button\" data-id=\"a919524\" data-element_type=\"widget\" data-e-type=\"widget\" data-widget_type=\"button.default\">\n\t\t\t\t\t\t\t\t\t\t<a class=\"elementor-button elementor-button-link elementor-size-sm\" href=\"https:\/\/breyer-rechtsanwaelte.de\/en\/breyer-rechtsanwaelte-ist-kanzlei-des-jahres\/\" target=\"_blank\">\n\t\t\t\t\t\t<span class=\"elementor-button-content-wrapper\">\n\t\t\t\t\t\t\t\t\t<span class=\"elementor-button-text\">Mehr lesen<\/span>\n\t\t\t\t\t<\/span>\n\t\t\t\t\t<\/a>\n\t\t\t\t\t\t\t\t<\/div>\n\t\t\t\t<\/div>\n\t\t\t\t<\/div>\n\t\t\t\t<div data-elementor-type=\"loop-item\" data-elementor-id=\"19291\" class=\"elementor elementor-19291 e-loop-item e-loop-item-3799 post-3799 post type-post status-publish format-standard has-post-thumbnail hentry category-aktuelles category-empfehlungen\" data-elementor-post-type=\"elementor_library\" data-custom-edit-handle=\"1\">\n\t\t\t<div class=\"elementor-element elementor-element-334d3cf3 e-con-full e-flex elementor-invisible e-con e-parent\" data-id=\"334d3cf3\" data-element_type=\"container\" data-e-type=\"container\" data-settings=\"{&quot;animation&quot;:&quot;fadeInUp&quot;}\">\n\t\t\t\t<div class=\"elementor-element elementor-element-602083c9 elementor-widget elementor-widget-heading\" data-id=\"602083c9\" data-element_type=\"widget\" data-e-type=\"widget\" data-settings=\"{&quot;_animation&quot;:&quot;none&quot;,&quot;_animation_delay&quot;:200}\" data-widget_type=\"heading.default\">\n\t\t\t\t\t<h3 class=\"elementor-heading-title elementor-size-default\">Deutschlands Beste Anw\u00e4lte 2017<\/h3>\t\t\t\t<\/div>\n\t\t\t\t<div class=\"elementor-element elementor-element-184f089f elementor-widget elementor-widget-text-editor\" data-id=\"184f089f\" data-element_type=\"widget\" data-e-type=\"widget\" data-settings=\"{&quot;_animation&quot;:&quot;none&quot;,&quot;_animation_delay&quot;:300}\" data-widget_type=\"text-editor.default\">\n\t\t\t\t\t\t\t\t\tIm Rahmen des im Juni 2017 ver\u00f6ffentlichten Ratings \u201eDEUTSCHLANDS BESTE ANW\u00c4LTE 2017\u201c wurden Dr. Wolfgang Breyer und Dr. Michael Burdinski vom Handelsblatt und dem renommierten Kooperationspartner, US-Verlag Best Lawyers, erneut zu einen von DEUTSCHLANDS BESTEN ANW\u00c4LTEN 2017 \u00a0im Rechtsgebiet &#8211; Baurecht &#8211; gek\u00fcrt!\t\t\t\t\t\t\t\t<\/div>\n\t\t\t\t<div class=\"elementor-element elementor-element-a919524 elementor-widget elementor-widget-button\" data-id=\"a919524\" data-element_type=\"widget\" data-e-type=\"widget\" data-widget_type=\"button.default\">\n\t\t\t\t\t\t\t\t\t\t<a class=\"elementor-button elementor-button-link elementor-size-sm\" href=\"https:\/\/breyer-rechtsanwaelte.de\/en\/deutschlands-beste-anwaelte-2017\/\" target=\"_blank\">\n\t\t\t\t\t\t<span class=\"elementor-button-content-wrapper\">\n\t\t\t\t\t\t\t\t\t<span class=\"elementor-button-text\">Mehr lesen<\/span>\n\t\t\t\t\t<\/span>\n\t\t\t\t\t<\/a>\n\t\t\t\t\t\t\t\t<\/div>\n\t\t\t\t<\/div>\n\t\t\t\t<\/div>\n\t\t\t\t<\/div>\n\t\t\n\t\t\t\t\t\t<\/div>\n\t\t\t\t<\/div>\n\t\t\t\t\t<\/div>\n\t\t\t\t<\/div>\n\t\t\t\t<\/div>\n\t\t","protected":false},"excerpt":{"rendered":"<p>### Empfehlungen Home Referenzen Empfehlungen Empfehlungen \u2013 Erfolgsstories aus erster Hand Unsere Expertise wird nicht nur von Mandanten gesch\u00e4tzt, sondern auch von Partnern und Branchenexperten anerkannt. Entdecken Sie, welche Empfehlungen uns als f\u00fchrende Kanzlei im Bau- und Immobilienrecht auszeichnen. Empfehlungen<\/p>","protected":false},"author":1,"featured_media":0,"parent":5076,"menu_order":0,"comment_status":"closed","ping_status":"closed","template":"","meta":{"_acf_changed":false,"footnotes":""},"class_list":["post-5221","page","type-page","status-publish","hentry"],"acf":[],"_links":{"self":[{"href":"https:\/\/breyer-rechtsanwaelte.de\/en\/wp-json\/wp\/v2\/pages\/5221","targetHints":{"allow":["GET"]}}],"collection":[{"href":"https:\/\/breyer-rechtsanwaelte.de\/en\/wp-json\/wp\/v2\/pages"}],"about":[{"href":"https:\/\/breyer-rechtsanwaelte.de\/en\/wp-json\/wp\/v2\/types\/page"}],"author":[{"embeddable":true,"href":"https:\/\/breyer-rechtsanwaelte.de\/en\/wp-json\/wp\/v2\/users\/1"}],"replies":[{"embeddable":true,"href":"https:\/\/breyer-rechtsanwaelte.de\/en\/wp-json\/wp\/v2\/comments?post=5221"}],"version-history":[{"count":0,"href":"https:\/\/breyer-rechtsanwaelte.de\/en\/wp-json\/wp\/v2\/pages\/5221\/revisions"}],"up":[{"embeddable":true,"href":"https:\/\/breyer-rechtsanwaelte.de\/en\/wp-json\/wp\/v2\/pages\/5076"}],"wp:attachment":[{"href":"https:\/\/breyer-rechtsanwaelte.de\/en\/wp-json\/wp\/v2\/media?parent=5221"}],"curies":[{"name":"wp","href":"https:\/\/api.w.org\/{rel}","templated":true}]}}